{"id":9931,"date":"2019-05-13T08:30:02","date_gmt":"2019-05-13T06:30:02","guid":{"rendered":"https:\/\/sdubouloz.ch\/media\/"},"modified":"2023-10-20T12:29:17","modified_gmt":"2023-10-20T10:29:17","slug":"media","status":"publish","type":"page","link":"https:\/\/sdubouloz.ch\/it\/media\/","title":{"rendered":"Media"},"content":{"rendered":"\t\t<div data-elementor-type=\"wp-page\" data-elementor-id=\"9931\" class=\"elementor elementor-9931 elementor-537\" data-elementor-post-type=\"page\">\n\t\t\t\t<div class=\"elementor-element elementor-element-c137b55 e-flex e-con-boxed e-con e-parent\" data-id=\"c137b55\" data-element_type=\"container\" data-e-type=\"container\">\n\t\t\t\t\t<div class=\"e-con-inner\">\n\t\t\t\t<div class=\"elementor-element elementor-element-3e3fb93 elementor-widget elementor-widget-heading\" data-id=\"3e3fb93\" data-element_type=\"widget\" data-e-type=\"widget\" data-widget_type=\"heading.default\">\n\t\t\t\t<div class=\"elementor-widget-container\">\n\t\t\t\t\t<h2 class=\"elementor-heading-title elementor-size-default\">o Scoprite qui tutti gli articoli e le interviste che mettono in luce la mia esperienza e le mie conoscenze o<\/h2>\t\t\t\t<\/div>\n\t\t\t\t<\/div>\n\t\t\t\t\t<\/div>\n\t\t\t\t<\/div>\n\t\t<div class=\"elementor-element elementor-element-0184b40 e-flex e-con-boxed e-con e-parent\" data-id=\"0184b40\" data-element_type=\"container\" data-e-type=\"container\">\n\t\t\t\t\t<div class=\"e-con-inner\">\n\t\t<div class=\"elementor-element elementor-element-5c08b6e e-con-full e-flex e-con e-child\" data-id=\"5c08b6e\" data-element_type=\"container\" data-e-type=\"container\">\n\t\t\t\t<div class=\"elementor-element elementor-element-41725f0 elementor-widget elementor-widget-image\" data-id=\"41725f0\" data-element_type=\"widget\" data-e-type=\"widget\" data-widget_type=\"image.default\">\n\t\t\t\t<div class=\"elementor-widget-container\">\n\t\t\t\t\t\t\t\t\t\t\t\t\t\t\t\t<a href=\"https:\/\/www.homofaber.com\/en\/discover\/discover-simon-dubouloz\" target=\"_blank\">\n\t\t\t\t\t\t\t<img decoding=\"async\" src=\"https:\/\/sdubouloz.ch\/wp-content\/uploads\/elementor\/thumbs\/2023-07-28_13-48-qa2sdi0lv5qs6nb00e95c89wxr5obl1qkl7k93f72g.png\" title=\"2023-07-28_13-48\" alt=\"2023-07-28_13-48\" loading=\"lazy\" \/>\t\t\t\t\t\t\t\t<\/a>\n\t\t\t\t\t\t\t\t\t\t\t\t\t\t\t<\/div>\n\t\t\t\t<\/div>\n\t\t\t\t<div class=\"elementor-element elementor-element-d15e03f elementor-widget elementor-widget-heading\" data-id=\"d15e03f\" data-element_type=\"widget\" data-e-type=\"widget\" data-widget_type=\"heading.default\">\n\t\t\t\t<div class=\"elementor-widget-container\">\n\t\t\t\t\t<h2 class=\"elementor-heading-title elementor-size-default\">Il viaggio della vostra vita<\/h2>\t\t\t\t<\/div>\n\t\t\t\t<\/div>\n\t\t\t\t<div class=\"elementor-element elementor-element-6edde83 elementor-align-left elementor-widget elementor-widget-button\" data-id=\"6edde83\" data-element_type=\"widget\" data-e-type=\"widget\" data-widget_type=\"button.default\">\n\t\t\t\t<div class=\"elementor-widget-container\">\n\t\t\t\t\t\t\t\t\t<div class=\"elementor-button-wrapper\">\n\t\t\t\t\t<a class=\"elementor-button elementor-button-link elementor-size-sm\" href=\"https:\/\/www.homofaber.com\/en\/discover\/discover-simon-dubouloz\" target=\"_blank\">\n\t\t\t\t\t\t<span class=\"elementor-button-content-wrapper\">\n\t\t\t\t\t\t\t\t\t<span class=\"elementor-button-text\">Homofaber<\/span>\n\t\t\t\t\t<\/span>\n\t\t\t\t\t<\/a>\n\t\t\t\t<\/div>\n\t\t\t\t\t\t\t\t<\/div>\n\t\t\t\t<\/div>\n\t\t\t\t<div class=\"elementor-element elementor-element-a574174 elementor-widget elementor-widget-text-editor\" data-id=\"a574174\" data-element_type=\"widget\" data-e-type=\"widget\" data-widget_type=\"text-editor.default\">\n\t\t\t\t<div class=\"elementor-widget-container\">\n\t\t\t\t\t\t\t\t\t<p>Il meccanico e sellaio Simon Dubouloz \u00e8 riconosciuto per la sua abilit\u00e0 da molti motociclisti professionisti e clienti privati.<\/p>\n\t\t\t\t\t\t\t\t<\/div>\n\t\t\t\t<\/div>\n\t\t\t\t<\/div>\n\t\t<div class=\"elementor-element elementor-element-fd6dda6 e-con-full e-flex e-con e-child\" data-id=\"fd6dda6\" data-element_type=\"container\" data-e-type=\"container\">\n\t\t\t\t<div class=\"elementor-element elementor-element-e536122 elementor-widget elementor-widget-image\" data-id=\"e536122\" data-element_type=\"widget\" data-e-type=\"widget\" data-widget_type=\"image.default\">\n\t\t\t\t<div class=\"elementor-widget-container\">\n\t\t\t\t\t\t\t\t\t\t\t\t\t\t\t\t<a href=\"https:\/\/www.tdg.ch\/il-confectionne-des-selles-de-moto-932302430471\" target=\"_blank\">\n\t\t\t\t\t\t\t<img decoding=\"async\" src=\"https:\/\/sdubouloz.ch\/wp-content\/uploads\/elementor\/thumbs\/2023-07-27_19-29-qa1gmljlyyp2xq3u6w2v5hlhqden9o4jwtb5fy1zm0.png\" title=\"2023-07-27_19-29\" alt=\"2023-07-27_19-29\" loading=\"lazy\" \/>\t\t\t\t\t\t\t\t<\/a>\n\t\t\t\t\t\t\t\t\t\t\t\t\t\t\t<\/div>\n\t\t\t\t<\/div>\n\t\t\t\t<div class=\"elementor-element elementor-element-10a52eb elementor-widget elementor-widget-heading\" data-id=\"10a52eb\" data-element_type=\"widget\" data-e-type=\"widget\" data-widget_type=\"heading.default\">\n\t\t\t\t<div class=\"elementor-widget-container\">\n\t\t\t\t\t<h2 class=\"elementor-heading-title elementor-size-default\">Costruisce selle per motociclette\n<\/h2>\t\t\t\t<\/div>\n\t\t\t\t<\/div>\n\t\t\t\t<div class=\"elementor-element elementor-element-8d8176e elementor-align-left elementor-widget elementor-widget-button\" data-id=\"8d8176e\" data-element_type=\"widget\" data-e-type=\"widget\" data-widget_type=\"button.default\">\n\t\t\t\t<div class=\"elementor-widget-container\">\n\t\t\t\t\t\t\t\t\t<div class=\"elementor-button-wrapper\">\n\t\t\t\t\t<a class=\"elementor-button elementor-button-link elementor-size-sm\" href=\"https:\/\/www.tdg.ch\/il-confectionne-des-selles-de-moto-932302430471\" target=\"_blank\">\n\t\t\t\t\t\t<span class=\"elementor-button-content-wrapper\">\n\t\t\t\t\t\t\t\t\t<span class=\"elementor-button-text\">Tribune de Gen\u00e8ve - marzo 2022<\/span>\n\t\t\t\t\t<\/span>\n\t\t\t\t\t<\/a>\n\t\t\t\t<\/div>\n\t\t\t\t\t\t\t\t<\/div>\n\t\t\t\t<\/div>\n\t\t\t\t<div class=\"elementor-element elementor-element-4cb263d elementor-widget elementor-widget-text-editor\" data-id=\"4cb263d\" data-element_type=\"widget\" data-e-type=\"widget\" data-widget_type=\"text-editor.default\">\n\t\t\t\t<div class=\"elementor-widget-container\">\n\t\t\t\t\t\t\t\t\t<p>L&#8217;officina di Simon Dubouloz ripara e personalizza selle da moto per clienti comuni e per piloti professionisti di tutta Europa.<\/p>\n\t\t\t\t\t\t\t\t<\/div>\n\t\t\t\t<\/div>\n\t\t\t\t<\/div>\n\t\t<div class=\"elementor-element elementor-element-4c24cd1 e-con-full e-flex e-con e-child\" data-id=\"4c24cd1\" data-element_type=\"container\" data-e-type=\"container\">\n\t\t\t\t<div class=\"elementor-element elementor-element-b9f704b elementor-widget elementor-widget-image\" data-id=\"b9f704b\" data-element_type=\"widget\" data-e-type=\"widget\" data-widget_type=\"image.default\">\n\t\t\t\t<div class=\"elementor-widget-container\">\n\t\t\t\t\t\t\t\t\t\t\t\t\t\t\t\t<a href=\"https:\/\/www.illustre.ch\/magazine\/simon-dubouloz-le-genevois-qui-confectionne-les-selles-des-champions\" target=\"_blank\">\n\t\t\t\t\t\t\t<img decoding=\"async\" src=\"https:\/\/sdubouloz.ch\/wp-content\/uploads\/elementor\/thumbs\/2023-07-27_19-47-qa1hb8v96kfrdmay9jmoj9omi3x53xz5yt5ih5icg8.png\" title=\"2023-07-27_19-47\" alt=\"2023-07-27_19-47\" loading=\"lazy\" \/>\t\t\t\t\t\t\t\t<\/a>\n\t\t\t\t\t\t\t\t\t\t\t\t\t\t\t<\/div>\n\t\t\t\t<\/div>\n\t\t\t\t<div class=\"elementor-element elementor-element-8d0eb33 elementor-widget elementor-widget-heading\" data-id=\"8d0eb33\" data-element_type=\"widget\" data-e-type=\"widget\" data-widget_type=\"heading.default\">\n\t\t\t\t<div class=\"elementor-widget-container\">\n\t\t\t\t\t<h2 class=\"elementor-heading-title elementor-size-default\">Il ginevrino che fa le selle dei campioni<\/h2>\t\t\t\t<\/div>\n\t\t\t\t<\/div>\n\t\t\t\t<div class=\"elementor-element elementor-element-ea4f47d elementor-align-left elementor-widget elementor-widget-button\" data-id=\"ea4f47d\" data-element_type=\"widget\" data-e-type=\"widget\" data-widget_type=\"button.default\">\n\t\t\t\t<div class=\"elementor-widget-container\">\n\t\t\t\t\t\t\t\t\t<div class=\"elementor-button-wrapper\">\n\t\t\t\t\t<a class=\"elementor-button elementor-button-link elementor-size-sm\" href=\"https:\/\/www.illustre.ch\/magazine\/simon-dubouloz-le-genevois-qui-confectionne-les-selles-des-champions\" target=\"_blank\">\n\t\t\t\t\t\t<span class=\"elementor-button-content-wrapper\">\n\t\t\t\t\t\t\t\t\t<span class=\"elementor-button-text\">L'illustr\u00e9 - Novembre 2021<\/span>\n\t\t\t\t\t<\/span>\n\t\t\t\t\t<\/a>\n\t\t\t\t<\/div>\n\t\t\t\t\t\t\t\t<\/div>\n\t\t\t\t<\/div>\n\t\t\t\t<div class=\"elementor-element elementor-element-6618911 elementor-widget elementor-widget-text-editor\" data-id=\"6618911\" data-element_type=\"widget\" data-e-type=\"widget\" data-widget_type=\"text-editor.default\">\n\t\t\t\t<div class=\"elementor-widget-container\">\n\t\t\t\t\t\t\t\t\t<p>Simon Dubouloz di Ginevra \u00e8 specializzato nella meccanica della MotoGP e nelle selle in similpelle. Da Tom L\u00fcthi a Valentino Ross, prende ordini dai pi\u00f9 grandi piloti.<\/p>\n\t\t\t\t\t\t\t\t<\/div>\n\t\t\t\t<\/div>\n\t\t\t\t<\/div>\n\t\t<div class=\"elementor-element elementor-element-d1c58eb e-con-full e-flex e-con e-child\" data-id=\"d1c58eb\" data-element_type=\"container\" data-e-type=\"container\">\n\t\t\t\t<div class=\"elementor-element elementor-element-6cfb9b8 elementor-widget elementor-widget-image\" data-id=\"6cfb9b8\" data-element_type=\"widget\" data-e-type=\"widget\" data-widget_type=\"image.default\">\n\t\t\t\t<div class=\"elementor-widget-container\">\n\t\t\t\t\t\t\t\t\t\t\t\t\t\t\t\t<a href=\"https:\/\/www.lemanbleu.ch\/fr\/Actualite\/Archives\/Simon-Dubouloz-l-artisan-sellier-des-stars-du-paddock.html\" target=\"_blank\">\n\t\t\t\t\t\t\t<img decoding=\"async\" src=\"https:\/\/sdubouloz.ch\/wp-content\/uploads\/elementor\/thumbs\/2023-07-27_19-50-qa1hg5kwvf5o0b69lo0jk13a6jq5b1gpb3ssp68byg.png\" title=\"2023-07-27_19-50\" alt=\"2023-07-27_19-50\" loading=\"lazy\" \/>\t\t\t\t\t\t\t\t<\/a>\n\t\t\t\t\t\t\t\t\t\t\t\t\t\t\t<\/div>\n\t\t\t\t<\/div>\n\t\t\t\t<div class=\"elementor-element elementor-element-95b32bc elementor-widget elementor-widget-heading\" data-id=\"95b32bc\" data-element_type=\"widget\" data-e-type=\"widget\" data-widget_type=\"heading.default\">\n\t\t\t\t<div class=\"elementor-widget-container\">\n\t\t\t\t\t<h2 class=\"elementor-heading-title elementor-size-default\">Il sellaio delle stelle del paddock<\/h2>\t\t\t\t<\/div>\n\t\t\t\t<\/div>\n\t\t\t\t<div class=\"elementor-element elementor-element-b86bda2 elementor-align-left elementor-widget elementor-widget-button\" data-id=\"b86bda2\" data-element_type=\"widget\" data-e-type=\"widget\" data-widget_type=\"button.default\">\n\t\t\t\t<div class=\"elementor-widget-container\">\n\t\t\t\t\t\t\t\t\t<div class=\"elementor-button-wrapper\">\n\t\t\t\t\t<a class=\"elementor-button elementor-button-link elementor-size-sm\" href=\"https:\/\/www.lemanbleu.ch\/fr\/Actualite\/Archives\/Simon-Dubouloz-l-artisan-sellier-des-stars-du-paddock.html\" target=\"_blank\">\n\t\t\t\t\t\t<span class=\"elementor-button-content-wrapper\">\n\t\t\t\t\t\t\t\t\t<span class=\"elementor-button-text\">L\u00e9man Bleu - Aprile 2021<\/span>\n\t\t\t\t\t<\/span>\n\t\t\t\t\t<\/a>\n\t\t\t\t<\/div>\n\t\t\t\t\t\t\t\t<\/div>\n\t\t\t\t<\/div>\n\t\t\t\t<div class=\"elementor-element elementor-element-3ac0ec7 elementor-widget elementor-widget-text-editor\" data-id=\"3ac0ec7\" data-element_type=\"widget\" data-e-type=\"widget\" data-widget_type=\"text-editor.default\">\n\t\t\t\t<div class=\"elementor-widget-container\">\n\t\t\t\t\t\t\t\t\t<p>  Dopo essersi formato in una delle pi\u00f9 prestigiose scuole per meccanici da competizione del sud-ovest della Francia, il ginevrino ha mosso i primi passi nel campionato mondiale di motociclismo nel 2015.  <\/p>\n\t\t\t\t\t\t\t\t<\/div>\n\t\t\t\t<\/div>\n\t\t\t\t<\/div>\n\t\t\t\t\t<\/div>\n\t\t\t\t<\/div>\n\t\t<div class=\"elementor-element elementor-element-6b7f5aa e-flex e-con-boxed e-con e-parent\" data-id=\"6b7f5aa\" data-element_type=\"container\" data-e-type=\"container\">\n\t\t\t\t\t<div class=\"e-con-inner\">\n\t\t<div class=\"elementor-element elementor-element-52131a1 e-con-full e-flex e-con e-child\" data-id=\"52131a1\" data-element_type=\"container\" data-e-type=\"container\">\n\t\t\t\t<div class=\"elementor-element elementor-element-439e8f1 elementor-widget elementor-widget-image\" data-id=\"439e8f1\" data-element_type=\"widget\" data-e-type=\"widget\" data-widget_type=\"image.default\">\n\t\t\t\t<div class=\"elementor-widget-container\">\n\t\t\t\t\t\t\t\t\t\t\t\t\t\t\t\t<a href=\"https:\/\/www.actumoto.ch\/2021\/03\/30\/portrait-a-la-rencontre-de-simon-dubouloz-artisan-sellier-et-mecanicien-en-grand-prix\/\" target=\"_blank\">\n\t\t\t\t\t\t\t<img decoding=\"async\" src=\"https:\/\/sdubouloz.ch\/wp-content\/uploads\/elementor\/thumbs\/2023-07-28_13-30-qa2rljbgjlgos9xaat3pnsb8q2zkbr17q6ij9qvu6g.png\" title=\"2023-07-28_13-30\" alt=\"2023-07-28_13-30\" loading=\"lazy\" \/>\t\t\t\t\t\t\t\t<\/a>\n\t\t\t\t\t\t\t\t\t\t\t\t\t\t\t<\/div>\n\t\t\t\t<\/div>\n\t\t\t\t<div class=\"elementor-element elementor-element-ce56e68 elementor-widget elementor-widget-heading\" data-id=\"ce56e68\" data-element_type=\"widget\" data-e-type=\"widget\" data-widget_type=\"heading.default\">\n\t\t\t\t<div class=\"elementor-widget-container\">\n\t\t\t\t\t<h2 class=\"elementor-heading-title elementor-size-default\">Incontrare Simon Dubouloz<\/h2>\t\t\t\t<\/div>\n\t\t\t\t<\/div>\n\t\t\t\t<div class=\"elementor-element elementor-element-1205eb0 elementor-align-left elementor-widget elementor-widget-button\" data-id=\"1205eb0\" data-element_type=\"widget\" data-e-type=\"widget\" data-widget_type=\"button.default\">\n\t\t\t\t<div class=\"elementor-widget-container\">\n\t\t\t\t\t\t\t\t\t<div class=\"elementor-button-wrapper\">\n\t\t\t\t\t<a class=\"elementor-button elementor-button-link elementor-size-sm\" href=\"https:\/\/www.actumoto.ch\/2021\/03\/30\/portrait-a-la-rencontre-de-simon-dubouloz-artisan-sellier-et-mecanicien-en-grand-prix\/\" target=\"_blank\">\n\t\t\t\t\t\t<span class=\"elementor-button-content-wrapper\">\n\t\t\t\t\t\t\t\t\t<span class=\"elementor-button-text\">Actumoto.ch - Marzo 2021<\/span>\n\t\t\t\t\t<\/span>\n\t\t\t\t\t<\/a>\n\t\t\t\t<\/div>\n\t\t\t\t\t\t\t\t<\/div>\n\t\t\t\t<\/div>\n\t\t\t\t<div class=\"elementor-element elementor-element-5d0a68b elementor-widget elementor-widget-text-editor\" data-id=\"5d0a68b\" data-element_type=\"widget\" data-e-type=\"widget\" data-widget_type=\"text-editor.default\">\n\t\t\t\t<div class=\"elementor-widget-container\">\n\t\t\t\t\t\t\t\t\t<p>A soli 30 anni, Simon Dubouloz svolge una professione poco conosciuta, quasi dimenticata. L&#8217;artigiano e sellaio ginevrino \u00e8 un punto di riferimento nel settore dei rivestimenti per moto, tanto che anche le star del MotoGP si rivolgono a lui.<\/p>\n\t\t\t\t\t\t\t\t<\/div>\n\t\t\t\t<\/div>\n\t\t\t\t<\/div>\n\t\t<div class=\"elementor-element elementor-element-9e65d3a e-con-full e-flex e-con e-child\" data-id=\"9e65d3a\" data-element_type=\"container\" data-e-type=\"container\">\n\t\t\t\t<div class=\"elementor-element elementor-element-67a595d elementor-widget elementor-widget-image\" data-id=\"67a595d\" data-element_type=\"widget\" data-e-type=\"widget\" data-widget_type=\"image.default\">\n\t\t\t\t<div class=\"elementor-widget-container\">\n\t\t\t\t\t\t\t\t\t\t\t\t\t\t\t\t<a href=\"https:\/\/metiersdart.ch\/fr_CH\/actualites\/troisieme-prix-releve-metiers-d-art-simon-dubouloz-artisan-sellier-moto-a-plan-les-ouates\" target=\"_blank\">\n\t\t\t\t\t\t\t<img decoding=\"async\" src=\"https:\/\/sdubouloz.ch\/wp-content\/uploads\/elementor\/thumbs\/2023-07-28_13-33-qa2rp5z0xkfjm2ni3vkusdcban3l1ofwk570z7i45k.png\" title=\"2023-07-28_13-33\" alt=\"2023-07-28_13-33\" loading=\"lazy\" \/>\t\t\t\t\t\t\t\t<\/a>\n\t\t\t\t\t\t\t\t\t\t\t\t\t\t\t<\/div>\n\t\t\t\t<\/div>\n\t\t\t\t<div class=\"elementor-element elementor-element-a124687 elementor-widget elementor-widget-heading\" data-id=\"a124687\" data-element_type=\"widget\" data-e-type=\"widget\" data-widget_type=\"heading.default\">\n\t\t\t\t<div class=\"elementor-widget-container\">\n\t\t\t\t\t<h2 class=\"elementor-heading-title elementor-size-default\">Terzo premio per l'artigianato svizzero<\/h2>\t\t\t\t<\/div>\n\t\t\t\t<\/div>\n\t\t\t\t<div class=\"elementor-element elementor-element-bfab555 elementor-align-left elementor-widget elementor-widget-button\" data-id=\"bfab555\" data-element_type=\"widget\" data-e-type=\"widget\" data-widget_type=\"button.default\">\n\t\t\t\t<div class=\"elementor-widget-container\">\n\t\t\t\t\t\t\t\t\t<div class=\"elementor-button-wrapper\">\n\t\t\t\t\t<a class=\"elementor-button elementor-button-link elementor-size-sm\" href=\"https:\/\/metiersdart.ch\/fr_CH\/actualites\/troisieme-prix-releve-metiers-d-art-simon-dubouloz-artisan-sellier-moto-a-plan-les-ouates\" target=\"_blank\">\n\t\t\t\t\t\t<span class=\"elementor-button-content-wrapper\">\n\t\t\t\t\t\t\t\t\t<span class=\"elementor-button-text\">M\u00e9tiersdarts.ch - Dicembre 2020<\/span>\n\t\t\t\t\t<\/span>\n\t\t\t\t\t<\/a>\n\t\t\t\t<\/div>\n\t\t\t\t\t\t\t\t<\/div>\n\t\t\t\t<\/div>\n\t\t\t\t<div class=\"elementor-element elementor-element-bb4fc56 elementor-widget elementor-widget-text-editor\" data-id=\"bb4fc56\" data-element_type=\"widget\" data-e-type=\"widget\" data-widget_type=\"text-editor.default\">\n\t\t\t\t<div class=\"elementor-widget-container\">\n\t\t\t\t\t\t\t\t\t<p>Questo premio premia il talento e il forte potenziale di sviluppo di un giovane artigiano. Degno erede delle doti di pellettiere della madre, Simon Dubouloz lavora la pelle con precisione, cercando la perfezione fin nei minimi dettagli.<\/p>\n\t\t\t\t\t\t\t\t<\/div>\n\t\t\t\t<\/div>\n\t\t\t\t<\/div>\n\t\t<div class=\"elementor-element elementor-element-7b8a90f e-con-full e-flex e-con e-child\" data-id=\"7b8a90f\" data-element_type=\"container\" data-e-type=\"container\">\n\t\t\t\t<div class=\"elementor-element elementor-element-c85a30e elementor-widget elementor-widget-image\" data-id=\"c85a30e\" data-element_type=\"widget\" data-e-type=\"widget\" data-widget_type=\"image.default\">\n\t\t\t\t<div class=\"elementor-widget-container\">\n\t\t\t\t\t\t\t\t\t\t\t\t\t\t\t\t<a href=\"https:\/\/metiersdart.ch\/fr_CH\/actualites\/simon-dubouloz-artisan-sellier-moto-a-plan-les-ouates-ge-presente-son-metier-depuis-son-atelier\" target=\"_blank\">\n\t\t\t\t\t\t\t<img decoding=\"async\" src=\"https:\/\/sdubouloz.ch\/wp-content\/uploads\/elementor\/thumbs\/1596434070_simondubouloz_20200803simondubouloz04-qa2rtyxbv30ayboa1yc7j5p4ljf4dziijx8da4doco.jpg\" title=\"1596434070_simondubouloz_20200803simondubouloz04\" alt=\"1596434070_simondubouloz_20200803simondubouloz04\" loading=\"lazy\" \/>\t\t\t\t\t\t\t\t<\/a>\n\t\t\t\t\t\t\t\t\t\t\t\t\t\t\t<\/div>\n\t\t\t\t<\/div>\n\t\t\t\t<div class=\"elementor-element elementor-element-5321731 elementor-widget elementor-widget-heading\" data-id=\"5321731\" data-element_type=\"widget\" data-e-type=\"widget\" data-widget_type=\"heading.default\">\n\t\t\t\t<div class=\"elementor-widget-container\">\n\t\t\t\t\t<h2 class=\"elementor-heading-title elementor-size-default\">Scheda profilo<\/h2>\t\t\t\t<\/div>\n\t\t\t\t<\/div>\n\t\t\t\t<div class=\"elementor-element elementor-element-cf29548 elementor-align-left elementor-widget elementor-widget-button\" data-id=\"cf29548\" data-element_type=\"widget\" data-e-type=\"widget\" data-widget_type=\"button.default\">\n\t\t\t\t<div class=\"elementor-widget-container\">\n\t\t\t\t\t\t\t\t\t<div class=\"elementor-button-wrapper\">\n\t\t\t\t\t<a class=\"elementor-button elementor-button-link elementor-size-sm\" href=\"https:\/\/metiersdart.ch\/fr_CH\/actualites\/simon-dubouloz-artisan-sellier-moto-a-plan-les-ouates-ge-presente-son-metier-depuis-son-atelier\" target=\"_blank\">\n\t\t\t\t\t\t<span class=\"elementor-button-content-wrapper\">\n\t\t\t\t\t\t\t\t\t<span class=\"elementor-button-text\">M\u00e9tiersdarts.ch - Agosto 2020<\/span>\n\t\t\t\t\t<\/span>\n\t\t\t\t\t<\/a>\n\t\t\t\t<\/div>\n\t\t\t\t\t\t\t\t<\/div>\n\t\t\t\t<\/div>\n\t\t\t\t<div class=\"elementor-element elementor-element-aaa661b elementor-widget elementor-widget-text-editor\" data-id=\"aaa661b\" data-element_type=\"widget\" data-e-type=\"widget\" data-widget_type=\"text-editor.default\">\n\t\t\t\t<div class=\"elementor-widget-container\">\n\t\t\t\t\t\t\t\t\t<p>Simon Dubouloz \u00e8 cresciuto nel laboratorio di pelle della madre Chris Murner, dove ha sviluppato il gusto di lavorare la pelle. Dopo aver conseguito un CFC in meccanica motociclistica, ha perfezionato le sue competenze nella selleria per motocicli e ha progettato le proprie selle in modo che fossero il pi\u00f9 possibile ergonomiche ed esteticamente gradevoli.<\/p>\n\t\t\t\t\t\t\t\t<\/div>\n\t\t\t\t<\/div>\n\t\t\t\t<\/div>\n\t\t<div class=\"elementor-element elementor-element-f97e453 e-con-full e-flex e-con e-child\" data-id=\"f97e453\" data-element_type=\"container\" data-e-type=\"container\">\n\t\t\t\t<div class=\"elementor-element elementor-element-c2bed64 elementor-widget elementor-widget-image\" data-id=\"c2bed64\" data-element_type=\"widget\" data-e-type=\"widget\" data-widget_type=\"image.default\">\n\t\t\t\t<div class=\"elementor-widget-container\">\n\t\t\t\t\t\t\t\t\t\t\t\t\t\t\t\t<a href=\"https:\/\/www.actumoto.ch\/2019\/06\/03\/simon-dubouloz-sellier-et-mecano-en-gp-et-en-endurance\/\" target=\"_blank\">\n\t\t\t\t\t\t\t<img decoding=\"async\" src=\"https:\/\/sdubouloz.ch\/wp-content\/uploads\/elementor\/thumbs\/2023-07-28_13-54-qa2smm2a4c7uqk2hsu1y0fhs988rxy825ow0qnwsqw.png\" title=\"2023-07-28_13-54\" alt=\"2023-07-28_13-54\" loading=\"lazy\" \/>\t\t\t\t\t\t\t\t<\/a>\n\t\t\t\t\t\t\t\t\t\t\t\t\t\t\t<\/div>\n\t\t\t\t<\/div>\n\t\t\t\t<div class=\"elementor-element elementor-element-47ab41c elementor-widget elementor-widget-heading\" data-id=\"47ab41c\" data-element_type=\"widget\" data-e-type=\"widget\" data-widget_type=\"heading.default\">\n\t\t\t\t<div class=\"elementor-widget-container\">\n\t\t\t\t\t<h2 class=\"elementor-heading-title elementor-size-default\">Selleria e meccanica GP &amp; endurance<\/h2>\t\t\t\t<\/div>\n\t\t\t\t<\/div>\n\t\t\t\t<div class=\"elementor-element elementor-element-42e9d8f elementor-align-left elementor-widget elementor-widget-button\" data-id=\"42e9d8f\" data-element_type=\"widget\" data-e-type=\"widget\" data-widget_type=\"button.default\">\n\t\t\t\t<div class=\"elementor-widget-container\">\n\t\t\t\t\t\t\t\t\t<div class=\"elementor-button-wrapper\">\n\t\t\t\t\t<a class=\"elementor-button elementor-button-link elementor-size-sm\" href=\"https:\/\/www.actumoto.ch\/2019\/06\/03\/simon-dubouloz-sellier-et-mecano-en-gp-et-en-endurance\/\" target=\"_blank\">\n\t\t\t\t\t\t<span class=\"elementor-button-content-wrapper\">\n\t\t\t\t\t\t\t\t\t<span class=\"elementor-button-text\">Actumoto.ch - Maggio 2020<\/span>\n\t\t\t\t\t<\/span>\n\t\t\t\t\t<\/a>\n\t\t\t\t<\/div>\n\t\t\t\t\t\t\t\t<\/div>\n\t\t\t\t<\/div>\n\t\t\t\t<div class=\"elementor-element elementor-element-41a5e8f elementor-widget elementor-widget-text-editor\" data-id=\"41a5e8f\" data-element_type=\"widget\" data-e-type=\"widget\" data-widget_type=\"text-editor.default\">\n\t\t\t\t<div class=\"elementor-widget-container\">\n\t\t\t\t\t\t\t\t\t<p>  Dopo essersi formato in una delle pi\u00f9 prestigiose scuole per meccanici da competizione del sud-ovest della Francia, il ginevrino ha mosso i primi passi nel campionato mondiale di motociclismo nel 2015.  <\/p>\n\t\t\t\t\t\t\t\t<\/div>\n\t\t\t\t<\/div>\n\t\t\t\t<\/div>\n\t\t\t\t\t<\/div>\n\t\t\t\t<\/div>\n\t\t<div class=\"elementor-element elementor-element-b4b060a e-flex e-con-boxed e-con e-parent\" data-id=\"b4b060a\" data-element_type=\"container\" data-e-type=\"container\">\n\t\t\t\t\t<div class=\"e-con-inner\">\n\t\t<div class=\"elementor-element elementor-element-5ef5cc1 e-con-full e-flex e-con e-child\" data-id=\"5ef5cc1\" data-element_type=\"container\" data-e-type=\"container\">\n\t\t\t\t<div class=\"elementor-element elementor-element-bec02ea elementor-widget elementor-widget-image\" data-id=\"bec02ea\" data-element_type=\"widget\" data-e-type=\"widget\" data-widget_type=\"image.default\">\n\t\t\t\t<div class=\"elementor-widget-container\">\n\t\t\t\t\t\t\t\t\t\t\t\t\t\t\t\t<a href=\"https:\/\/www.actumoto.ch\/2020\/05\/03\/un-prix-suisse-de-la-releve-pour-un-sellier-genevois\/\" target=\"_blank\">\n\t\t\t\t\t\t\t<img decoding=\"async\" src=\"https:\/\/sdubouloz.ch\/wp-content\/uploads\/elementor\/thumbs\/2023-07-28_14-03-qa2t0w7zyprp59bneiavebqx6zujwdx8gdqm90qg7c.png\" title=\"2023-07-28_14-03\" alt=\"2023-07-28_14-03\" loading=\"lazy\" \/>\t\t\t\t\t\t\t\t<\/a>\n\t\t\t\t\t\t\t\t\t\t\t\t\t\t\t<\/div>\n\t\t\t\t<\/div>\n\t\t\t\t<div class=\"elementor-element elementor-element-129347b elementor-widget elementor-widget-heading\" data-id=\"129347b\" data-element_type=\"widget\" data-e-type=\"widget\" data-widget_type=\"heading.default\">\n\t\t\t\t<div class=\"elementor-widget-container\">\n\t\t\t\t\t<h2 class=\"elementor-heading-title elementor-size-default\">Il sellaio ginevrino vince il Premio svizzero per i giovani talenti<\/h2>\t\t\t\t<\/div>\n\t\t\t\t<\/div>\n\t\t\t\t<div class=\"elementor-element elementor-element-6289d29 elementor-align-left elementor-widget elementor-widget-button\" data-id=\"6289d29\" data-element_type=\"widget\" data-e-type=\"widget\" data-widget_type=\"button.default\">\n\t\t\t\t<div class=\"elementor-widget-container\">\n\t\t\t\t\t\t\t\t\t<div class=\"elementor-button-wrapper\">\n\t\t\t\t\t<a class=\"elementor-button elementor-button-link elementor-size-sm\" href=\"https:\/\/www.actumoto.ch\/2020\/05\/03\/un-prix-suisse-de-la-releve-pour-un-sellier-genevois\/\" target=\"_blank\">\n\t\t\t\t\t\t<span class=\"elementor-button-content-wrapper\">\n\t\t\t\t\t\t\t\t\t<span class=\"elementor-button-text\">Actumoto.ch - Maggio 2019<\/span>\n\t\t\t\t\t<\/span>\n\t\t\t\t\t<\/a>\n\t\t\t\t<\/div>\n\t\t\t\t\t\t\t\t<\/div>\n\t\t\t\t<\/div>\n\t\t\t\t<div class=\"elementor-element elementor-element-5706407 elementor-widget elementor-widget-text-editor\" data-id=\"5706407\" data-element_type=\"widget\" data-e-type=\"widget\" data-widget_type=\"text-editor.default\">\n\t\t\t\t<div class=\"elementor-widget-container\">\n\t\t\t\t\t\t\t\t\t<p>Alla fine del 2019, Simon Dubouloz ha ricevuto il terzo premio dall&#8217;Associazione svizzera dell&#8217;artigianato per il suo originale divano a sella in stile Caf\u00e9 Racer.<\/p>\n\t\t\t\t\t\t\t\t<\/div>\n\t\t\t\t<\/div>\n\t\t\t\t<\/div>\n\t\t<div class=\"elementor-element elementor-element-8e437c2 e-con-full e-flex e-con e-child\" data-id=\"8e437c2\" data-element_type=\"container\" data-e-type=\"container\">\n\t\t\t\t<div class=\"elementor-element elementor-element-0eb2d67 elementor-widget elementor-widget-image\" data-id=\"0eb2d67\" data-element_type=\"widget\" data-e-type=\"widget\" data-widget_type=\"image.default\">\n\t\t\t\t<div class=\"elementor-widget-container\">\n\t\t\t\t\t\t\t\t\t\t\t\t\t\t\t\t<a href=\"https:\/\/www.actumoto.ch\/2018\/09\/03\/le-genevois-simon-dubouloz-offre-une-selle-a-valentino-rossi\/\" target=\"_blank\">\n\t\t\t\t\t\t\t<img decoding=\"async\" src=\"https:\/\/sdubouloz.ch\/wp-content\/uploads\/elementor\/thumbs\/Yamaha-Valentino-Rossi-Ranch-3-q1ansnbioi5vceni8g51wb9lvcifgk28xn6cf0ykjs.jpg\" title=\"Yamaha Valentino Rossi Ranch\" alt=\"Yamaha Valentino Rossi Ranch\" loading=\"lazy\" \/>\t\t\t\t\t\t\t\t<\/a>\n\t\t\t\t\t\t\t\t\t\t\t\t\t\t\t<\/div>\n\t\t\t\t<\/div>\n\t\t\t\t<div class=\"elementor-element elementor-element-80a45a0 elementor-widget elementor-widget-heading\" data-id=\"80a45a0\" data-element_type=\"widget\" data-e-type=\"widget\" data-widget_type=\"heading.default\">\n\t\t\t\t<div class=\"elementor-widget-container\">\n\t\t\t\t\t<h2 class=\"elementor-heading-title elementor-size-default\">Simon Dubouloz di Ginevra d\u00e0 una sella a Valentino Rossi!<\/h2>\t\t\t\t<\/div>\n\t\t\t\t<\/div>\n\t\t\t\t<div class=\"elementor-element elementor-element-f96d5ce elementor-align-left elementor-widget elementor-widget-button\" data-id=\"f96d5ce\" data-element_type=\"widget\" data-e-type=\"widget\" data-widget_type=\"button.default\">\n\t\t\t\t<div class=\"elementor-widget-container\">\n\t\t\t\t\t\t\t\t\t<div class=\"elementor-button-wrapper\">\n\t\t\t\t\t<a class=\"elementor-button elementor-button-link elementor-size-sm\" href=\"https:\/\/www.actumoto.ch\/2018\/09\/03\/le-genevois-simon-dubouloz-offre-une-selle-a-valentino-rossi\/\" target=\"_blank\">\n\t\t\t\t\t\t<span class=\"elementor-button-content-wrapper\">\n\t\t\t\t\t\t\t\t\t<span class=\"elementor-button-text\">Actumoto.ch - Settembre 2018<\/span>\n\t\t\t\t\t<\/span>\n\t\t\t\t\t<\/a>\n\t\t\t\t<\/div>\n\t\t\t\t\t\t\t\t<\/div>\n\t\t\t\t<\/div>\n\t\t\t\t<div class=\"elementor-element elementor-element-f59c7b1 elementor-widget elementor-widget-text-editor\" data-id=\"f59c7b1\" data-element_type=\"widget\" data-e-type=\"widget\" data-widget_type=\"text-editor.default\">\n\t\t\t\t<div class=\"elementor-widget-container\">\n\t\t\t\t\t\t\t\t\t<p>Il sellaio svizzero, che lavora anche come meccanico del campione del mondo italiano di Moto3 Marco Bezzecchi, ha potuto fare un regalo molto apprezzato a colui che \u00e8 una leggenda della MotoGP, con nove titoli a suo nome.<\/p>\n\t\t\t\t\t\t\t\t<\/div>\n\t\t\t\t<\/div>\n\t\t\t\t<\/div>\n\t\t<div class=\"elementor-element elementor-element-e4400d2 e-con-full e-flex e-con e-child\" data-id=\"e4400d2\" data-element_type=\"container\" data-e-type=\"container\">\n\t\t\t\t<div class=\"elementor-element elementor-element-f2f0114 elementor-widget elementor-widget-image\" data-id=\"f2f0114\" data-element_type=\"widget\" data-e-type=\"widget\" data-widget_type=\"image.default\">\n\t\t\t\t<div class=\"elementor-widget-container\">\n\t\t\t\t\t\t\t\t\t\t\t\t\t\t\t\t<a href=\"https:\/\/www.tdg.ch\/tierce-gagnant-dans-la-maroquinerie-dart-939653511365\" target=\"_blank\">\n\t\t\t\t\t\t\t<img decoding=\"async\" src=\"https:\/\/sdubouloz.ch\/wp-content\/uploads\/elementor\/thumbs\/2023-07-28_14-05-qa2t3bmzmb3d4zso8236c7osftvos8k9seervr4u4o.png\" title=\"2023-07-28_14-05\" alt=\"2023-07-28_14-05\" loading=\"lazy\" \/>\t\t\t\t\t\t\t\t<\/a>\n\t\t\t\t\t\t\t\t\t\t\t\t\t\t\t<\/div>\n\t\t\t\t<\/div>\n\t\t\t\t<div class=\"elementor-element elementor-element-6578554 elementor-widget elementor-widget-heading\" data-id=\"6578554\" data-element_type=\"widget\" data-e-type=\"widget\" data-widget_type=\"heading.default\">\n\t\t\t\t<div class=\"elementor-widget-container\">\n\t\t\t\t\t<h2 class=\"elementor-heading-title elementor-size-default\">Un trio vincente nella pelletteria di pregio<\/h2>\t\t\t\t<\/div>\n\t\t\t\t<\/div>\n\t\t\t\t<div class=\"elementor-element elementor-element-94348c5 elementor-align-left elementor-widget elementor-widget-button\" data-id=\"94348c5\" data-element_type=\"widget\" data-e-type=\"widget\" data-widget_type=\"button.default\">\n\t\t\t\t<div class=\"elementor-widget-container\">\n\t\t\t\t\t\t\t\t\t<div class=\"elementor-button-wrapper\">\n\t\t\t\t\t<a class=\"elementor-button elementor-button-link elementor-size-sm\" href=\"https:\/\/www.tdg.ch\/tierce-gagnant-dans-la-maroquinerie-dart-939653511365\" target=\"_blank\">\n\t\t\t\t\t\t<span class=\"elementor-button-content-wrapper\">\n\t\t\t\t\t\t\t\t\t<span class=\"elementor-button-text\">Tribune de Gen\u00e8ve - Aprile 2018<\/span>\n\t\t\t\t\t<\/span>\n\t\t\t\t\t<\/a>\n\t\t\t\t<\/div>\n\t\t\t\t\t\t\t\t<\/div>\n\t\t\t\t<\/div>\n\t\t\t\t<div class=\"elementor-element elementor-element-47e325b elementor-widget elementor-widget-text-editor\" data-id=\"47e325b\" data-element_type=\"widget\" data-e-type=\"widget\" data-widget_type=\"text-editor.default\">\n\t\t\t\t<div class=\"elementor-widget-container\">\n\t\t\t\t\t\t\t\t\t<p class=\"ContentHead_lead__zVmJZ link_regular__Cy8JS link_externalicon-big__uqzSW link_externalicon__Me6bM\"><span class=\"HtmlText_root__3vQQX\">Christiane Murner ha trasmesso la sua passione per la pelle al figlio Simon e alla figlia Camille. Scoprite questi percorsi durante le Journ\u00e9es des m\u00e9tiers d&#8217;art, dal 20 al 22 aprile.<\/span><\/p>\n\t\t\t\t\t\t\t\t<\/div>\n\t\t\t\t<\/div>\n\t\t\t\t<\/div>\n\t\t<div class=\"elementor-element elementor-element-b325d2c e-con-full e-flex e-con e-child\" data-id=\"b325d2c\" data-element_type=\"container\" data-e-type=\"container\">\n\t\t\t\t<div class=\"elementor-element elementor-element-500aec6 elementor-widget elementor-widget-image\" data-id=\"500aec6\" data-element_type=\"widget\" data-e-type=\"widget\" data-widget_type=\"image.default\">\n\t\t\t\t<div class=\"elementor-widget-container\">\n\t\t\t\t\t\t\t\t\t\t\t\t\t\t\t\t<a href=\"https:\/\/www.facebook.com\/1421880588093036\/videos\/2018850671729355\/\" target=\"_blank\">\n\t\t\t\t\t\t\t<img decoding=\"async\" src=\"https:\/\/sdubouloz.ch\/wp-content\/uploads\/elementor\/thumbs\/2023-07-28_14-06-qa2t4v3gtj7a5zk48825xbozhkacedofo0wf72ulxk.png\" title=\"2023-07-28_14-06\" alt=\"2023-07-28_14-06\" loading=\"lazy\" \/>\t\t\t\t\t\t\t\t<\/a>\n\t\t\t\t\t\t\t\t\t\t\t\t\t\t\t<\/div>\n\t\t\t\t<\/div>\n\t\t\t\t<div class=\"elementor-element elementor-element-74e399b elementor-widget elementor-widget-heading\" data-id=\"74e399b\" data-element_type=\"widget\" data-e-type=\"widget\" data-widget_type=\"heading.default\">\n\t\t\t\t<div class=\"elementor-widget-container\">\n\t\t\t\t\t<h2 class=\"elementor-heading-title elementor-size-default\">Moto 3 sullo stand<\/h2>\t\t\t\t<\/div>\n\t\t\t\t<\/div>\n\t\t\t\t<div class=\"elementor-element elementor-element-10ce4cc elementor-align-left elementor-widget elementor-widget-button\" data-id=\"10ce4cc\" data-element_type=\"widget\" data-e-type=\"widget\" data-widget_type=\"button.default\">\n\t\t\t\t<div class=\"elementor-widget-container\">\n\t\t\t\t\t\t\t\t\t<div class=\"elementor-button-wrapper\">\n\t\t\t\t\t<a class=\"elementor-button elementor-button-link elementor-size-sm\" href=\"https:\/\/www.facebook.com\/1421880588093036\/videos\/2018850671729355\/\" target=\"_blank\">\n\t\t\t\t\t\t<span class=\"elementor-button-content-wrapper\">\n\t\t\t\t\t\t\t\t\t<span class=\"elementor-button-text\">Stand del Supercross di Ginevra - dicembre 2017<\/span>\n\t\t\t\t\t<\/span>\n\t\t\t\t\t<\/a>\n\t\t\t\t<\/div>\n\t\t\t\t\t\t\t\t<\/div>\n\t\t\t\t<\/div>\n\t\t\t\t<div class=\"elementor-element elementor-element-00c20a0 elementor-widget elementor-widget-text-editor\" data-id=\"00c20a0\" data-element_type=\"widget\" data-e-type=\"widget\" data-widget_type=\"text-editor.default\">\n\t\t\t\t<div class=\"elementor-widget-container\">\n\t\t\t\t\t\t\t\t\t<p>Dopo essersi formato in una delle pi\u00f9 prestigiose scuole per meccanici da competizione del sud-ovest della Francia, il ginevrino ha mosso i primi passi nel campionato mondiale di motociclismo nel 2015.  <\/p>\n\t\t\t\t\t\t\t\t<\/div>\n\t\t\t\t<\/div>\n\t\t\t\t<\/div>\n\t\t\t\t\t<\/div>\n\t\t\t\t<\/div>\n\t\t<div class=\"elementor-element elementor-element-7f6c93a e-flex e-con-boxed e-con e-parent\" data-id=\"7f6c93a\" data-element_type=\"container\" data-e-type=\"container\">\n\t\t\t\t\t<div class=\"e-con-inner\">\n\t\t<div class=\"elementor-element elementor-element-ba9b3c7 e-con-full e-flex e-con e-child\" data-id=\"ba9b3c7\" data-element_type=\"container\" data-e-type=\"container\">\n\t\t\t\t<div class=\"elementor-element elementor-element-dbf3eb4 elementor-widget elementor-widget-image\" data-id=\"dbf3eb4\" data-element_type=\"widget\" data-e-type=\"widget\" data-widget_type=\"image.default\">\n\t\t\t\t<div class=\"elementor-widget-container\">\n\t\t\t\t\t\t\t\t\t\t\t\t\t\t\t\t<a href=\"https:\/\/www.youtube.com\/watch?v=MazLXX-yiT0&#038;t=2s&#038;frags=pl%2Cwn\" target=\"_blank\">\n\t\t\t\t\t\t\t<img decoding=\"async\" src=\"https:\/\/sdubouloz.ch\/wp-content\/uploads\/elementor\/thumbs\/2023-07-28_14-13-qa2tgbqm5sw5qswqaofdtxkc9psh9i6lkrakvjus20.png\" title=\"2023-07-28_14-13\" alt=\"2023-07-28_14-13\" loading=\"lazy\" \/>\t\t\t\t\t\t\t\t<\/a>\n\t\t\t\t\t\t\t\t\t\t\t\t\t\t\t<\/div>\n\t\t\t\t<\/div>\n\t\t\t\t<div class=\"elementor-element elementor-element-e152319 elementor-widget elementor-widget-heading\" data-id=\"e152319\" data-element_type=\"widget\" data-e-type=\"widget\" data-widget_type=\"heading.default\">\n\t\t\t\t<div class=\"elementor-widget-container\">\n\t\t\t\t\t<h2 class=\"elementor-heading-title elementor-size-default\">Intervista video<\/h2>\t\t\t\t<\/div>\n\t\t\t\t<\/div>\n\t\t\t\t<div class=\"elementor-element elementor-element-a7089e5 elementor-align-left elementor-widget elementor-widget-button\" data-id=\"a7089e5\" data-element_type=\"widget\" data-e-type=\"widget\" data-widget_type=\"button.default\">\n\t\t\t\t<div class=\"elementor-widget-container\">\n\t\t\t\t\t\t\t\t\t<div class=\"elementor-button-wrapper\">\n\t\t\t\t\t<a class=\"elementor-button elementor-button-link elementor-size-sm\" href=\"https:\/\/www.youtube.com\/watch?v=MazLXX-yiT0&#038;t=2s&#038;frags=pl%2Cwn\" target=\"_blank\">\n\t\t\t\t\t\t<span class=\"elementor-button-content-wrapper\">\n\t\t\t\t\t\t\t\t\t<span class=\"elementor-button-text\">Acidmoto - novembre 2016<\/span>\n\t\t\t\t\t<\/span>\n\t\t\t\t\t<\/a>\n\t\t\t\t<\/div>\n\t\t\t\t\t\t\t\t<\/div>\n\t\t\t\t<\/div>\n\t\t\t\t<div class=\"elementor-element elementor-element-9ff4b8d elementor-widget elementor-widget-text-editor\" data-id=\"9ff4b8d\" data-element_type=\"widget\" data-e-type=\"widget\" data-widget_type=\"text-editor.default\">\n\t\t\t\t<div class=\"elementor-widget-container\">\n\t\t\t\t\t\t\t\t\t<p>Il nostro reporter Pierre-Alain ha portato la telecamera nella bottega di Simon Dubouloz, un giovane sellaio emergente. Dai primi schizzi agli ultimi ritocchi prima del montaggio finale sulla bicicletta, scoprirete tutte le fasi di realizzazione di una sella su misura. Il microfono viene dato a Simon!<\/p>\n\t\t\t\t\t\t\t\t<\/div>\n\t\t\t\t<\/div>\n\t\t\t\t<\/div>\n\t\t<div class=\"elementor-element elementor-element-86038f7 e-con-full e-flex e-con e-child\" data-id=\"86038f7\" data-element_type=\"container\" data-e-type=\"container\">\n\t\t\t\t<div class=\"elementor-element elementor-element-20a3dc1 elementor-widget elementor-widget-image\" data-id=\"20a3dc1\" data-element_type=\"widget\" data-e-type=\"widget\" data-widget_type=\"image.default\">\n\t\t\t\t<div class=\"elementor-widget-container\">\n\t\t\t\t\t\t\t\t\t\t\t\t\t\t\t\t<a href=\"https:\/\/www.facebook.com\/1421880588093036\/videos\/2164748673748535\/\" target=\"_blank\">\n\t\t\t\t\t\t\t<img decoding=\"async\" src=\"https:\/\/sdubouloz.ch\/wp-content\/uploads\/elementor\/thumbs\/2023-07-28_14-15-qa2tikkqhjyth9nb6ndasd5zcuq1nh3ijvec5cix6w.png\" title=\"2023-07-28_14-15\" alt=\"2023-07-28_14-15\" loading=\"lazy\" \/>\t\t\t\t\t\t\t\t<\/a>\n\t\t\t\t\t\t\t\t\t\t\t\t\t\t\t<\/div>\n\t\t\t\t<\/div>\n\t\t\t\t<div class=\"elementor-element elementor-element-cd299a8 elementor-widget elementor-widget-heading\" data-id=\"cd299a8\" data-element_type=\"widget\" data-e-type=\"widget\" data-widget_type=\"heading.default\">\n\t\t\t\t<div class=\"elementor-widget-container\">\n\t\t\t\t\t<h2 class=\"elementor-heading-title elementor-size-default\">Invitato da Meister Engineering<\/h2>\t\t\t\t<\/div>\n\t\t\t\t<\/div>\n\t\t\t\t<div class=\"elementor-element elementor-element-86f7a20 elementor-align-left elementor-widget elementor-widget-button\" data-id=\"86f7a20\" data-element_type=\"widget\" data-e-type=\"widget\" data-widget_type=\"button.default\">\n\t\t\t\t<div class=\"elementor-widget-container\">\n\t\t\t\t\t\t\t\t\t<div class=\"elementor-button-wrapper\">\n\t\t\t\t\t<a class=\"elementor-button elementor-button-link elementor-size-sm\" href=\"https:\/\/www.facebook.com\/1421880588093036\/videos\/2164748673748535\/\" target=\"_blank\">\n\t\t\t\t\t\t<span class=\"elementor-button-content-wrapper\">\n\t\t\t\t\t\t\t\t\t<span class=\"elementor-button-text\">Festival del lago di Ginevra - luglio 2016<\/span>\n\t\t\t\t\t<\/span>\n\t\t\t\t\t<\/a>\n\t\t\t\t<\/div>\n\t\t\t\t\t\t\t\t<\/div>\n\t\t\t\t<\/div>\n\t\t\t\t<div class=\"elementor-element elementor-element-8e7baa9 elementor-widget elementor-widget-text-editor\" data-id=\"8e7baa9\" data-element_type=\"widget\" data-e-type=\"widget\" data-widget_type=\"text-editor.default\">\n\t\t\t\t<div class=\"elementor-widget-container\">\n\t\t\t\t\t\t\t\t\t<p>Il sellaio svizzero, che lavora anche come meccanico del campione del mondo italiano di Moto3 Marco Bezzecchi, ha potuto fare un regalo molto apprezzato a colui che \u00e8 una leggenda della MotoGP, con nove titoli a suo nome.<\/p>\n\t\t\t\t\t\t\t\t<\/div>\n\t\t\t\t<\/div>\n\t\t\t\t<\/div>\n\t\t<div class=\"elementor-element elementor-element-d5261db e-con-full e-flex e-con e-child\" data-id=\"d5261db\" data-element_type=\"container\" data-e-type=\"container\">\n\t\t\t\t<div class=\"elementor-element elementor-element-57a3d77 elementor-widget elementor-widget-image\" data-id=\"57a3d77\" data-element_type=\"widget\" data-e-type=\"widget\" data-widget_type=\"image.default\">\n\t\t\t\t<div class=\"elementor-widget-container\">\n\t\t\t\t\t\t\t\t\t\t\t\t\t\t\t\t<a href=\"https:\/\/www.youtube.com\/watch?v=nwsZc19PqMo&#038;frags=pl%2Cwn\" target=\"_blank\">\n\t\t\t\t\t\t\t<img decoding=\"async\" src=\"https:\/\/sdubouloz.ch\/wp-content\/uploads\/elementor\/thumbs\/2023-07-28_14-17-qa2tmn7k3pjjsfqbeer3lc5w0ynb099n41630ihi88.png\" title=\"2023-07-28_14-17\" alt=\"2023-07-28_14-17\" loading=\"lazy\" \/>\t\t\t\t\t\t\t\t<\/a>\n\t\t\t\t\t\t\t\t\t\t\t\t\t\t\t<\/div>\n\t\t\t\t<\/div>\n\t\t\t\t<div class=\"elementor-element elementor-element-35debc1 elementor-widget elementor-widget-heading\" data-id=\"35debc1\" data-element_type=\"widget\" data-e-type=\"widget\" data-widget_type=\"heading.default\">\n\t\t\t\t<div class=\"elementor-widget-container\">\n\t\t\t\t\t<h2 class=\"elementor-heading-title elementor-size-default\">Intervista video<\/h2>\t\t\t\t<\/div>\n\t\t\t\t<\/div>\n\t\t\t\t<div class=\"elementor-element elementor-element-ddc56ec elementor-align-left elementor-widget elementor-widget-button\" data-id=\"ddc56ec\" data-element_type=\"widget\" data-e-type=\"widget\" data-widget_type=\"button.default\">\n\t\t\t\t<div class=\"elementor-widget-container\">\n\t\t\t\t\t\t\t\t\t<div class=\"elementor-button-wrapper\">\n\t\t\t\t\t<a class=\"elementor-button elementor-button-link elementor-size-sm\" href=\"https:\/\/www.youtube.com\/watch?v=nwsZc19PqMo&#038;frags=pl%2Cwn\" target=\"_blank\">\n\t\t\t\t\t\t<span class=\"elementor-button-content-wrapper\">\n\t\t\t\t\t\t\t\t\t<span class=\"elementor-button-text\">Acidmoto - maggio 2016<\/span>\n\t\t\t\t\t<\/span>\n\t\t\t\t\t<\/a>\n\t\t\t\t<\/div>\n\t\t\t\t\t\t\t\t<\/div>\n\t\t\t\t<\/div>\n\t\t\t\t<div class=\"elementor-element elementor-element-4456111 elementor-widget elementor-widget-text-editor\" data-id=\"4456111\" data-element_type=\"widget\" data-e-type=\"widget\" data-widget_type=\"text-editor.default\">\n\t\t\t\t<div class=\"elementor-widget-container\">\n\t\t\t\t\t\t\t\t\t<p class=\"ContentHead_lead__zVmJZ link_regular__Cy8JS link_externalicon-big__uqzSW link_externalicon__Me6bM\">Li abbiamo incontrati durante gli Acid&#8217;Days 2016 Ep. 2 Interviste a Simon Dubouloz (Dubouloz Motorcycle Saddlery) e al suo cliente Robin.<\/p>\n\t\t\t\t\t\t\t\t<\/div>\n\t\t\t\t<\/div>\n\t\t\t\t<\/div>\n\t\t<div class=\"elementor-element elementor-element-2093bf7 e-con-full e-flex e-con e-child\" data-id=\"2093bf7\" data-element_type=\"container\" data-e-type=\"container\">\n\t\t\t\t<div class=\"elementor-element elementor-element-2428a2a elementor-widget elementor-widget-image\" data-id=\"2428a2a\" data-element_type=\"widget\" data-e-type=\"widget\" data-widget_type=\"image.default\">\n\t\t\t\t<div class=\"elementor-widget-container\">\n\t\t\t\t\t\t\t\t\t\t\t\t\t\t\t\t<a href=\"https:\/\/sdubouloz.ch\/wp-content\/uploads\/2019\/05\/Article-_ecole_de_la_performance.pdf\" target=\"_blank\">\n\t\t\t\t\t\t\t<img decoding=\"async\" src=\"https:\/\/sdubouloz.ch\/wp-content\/uploads\/elementor\/thumbs\/2023-07-28_14-18-qa2to035z3egk5rbgzvp6ztuwzye4inomr3bywh18o.png\" title=\"2023-07-28_14-18\" alt=\"2023-07-28_14-18\" loading=\"lazy\" \/>\t\t\t\t\t\t\t\t<\/a>\n\t\t\t\t\t\t\t\t\t\t\t\t\t\t\t<\/div>\n\t\t\t\t<\/div>\n\t\t\t\t<div class=\"elementor-element elementor-element-d2f7e78 elementor-widget elementor-widget-heading\" data-id=\"d2f7e78\" data-element_type=\"widget\" data-e-type=\"widget\" data-widget_type=\"heading.default\">\n\t\t\t\t<div class=\"elementor-widget-container\">\n\t\t\t\t\t<h2 class=\"elementor-heading-title elementor-size-default\">Rivista francese di notizie sul mondo delle moto<\/h2>\t\t\t\t<\/div>\n\t\t\t\t<\/div>\n\t\t\t\t<div class=\"elementor-element elementor-element-3fd273f elementor-align-left elementor-widget elementor-widget-button\" data-id=\"3fd273f\" data-element_type=\"widget\" data-e-type=\"widget\" data-widget_type=\"button.default\">\n\t\t\t\t<div class=\"elementor-widget-container\">\n\t\t\t\t\t\t\t\t\t<div class=\"elementor-button-wrapper\">\n\t\t\t\t\t<a class=\"elementor-button elementor-button-link elementor-size-sm\" href=\"https:\/\/sdubouloz.ch\/wp-content\/uploads\/2019\/05\/Article-_ecole_de_la_performance.pdf\" target=\"_blank\">\n\t\t\t\t\t\t<span class=\"elementor-button-content-wrapper\">\n\t\t\t\t\t\t\t\t\t<span class=\"elementor-button-text\">Motorevue - gennaio 2016<\/span>\n\t\t\t\t\t<\/span>\n\t\t\t\t\t<\/a>\n\t\t\t\t<\/div>\n\t\t\t\t\t\t\t\t<\/div>\n\t\t\t\t<\/div>\n\t\t\t\t<div class=\"elementor-element elementor-element-b7e9d34 elementor-widget elementor-widget-text-editor\" data-id=\"b7e9d34\" data-element_type=\"widget\" data-e-type=\"widget\" data-widget_type=\"text-editor.default\">\n\t\t\t\t<div class=\"elementor-widget-container\">\n\t\t\t\t\t\t\t\t\t<p>Scuola di performance.<\/p>\n<p>La scuola di Thierry Fornerod, premiata con una stella nella guida alle prestazioni e riconosciuta dalle autorit\u00e0 e dal mondo delle competizioni, \u00e8 una di quelle che formano i sogni a livello umano.<\/p>\n\t\t\t\t\t\t\t\t<\/div>\n\t\t\t\t<\/div>\n\t\t\t\t<\/div>\n\t\t\t\t\t<\/div>\n\t\t\t\t<\/div>\n\t\t<div class=\"elementor-element elementor-element-3c10295 e-flex e-con-boxed e-con e-parent\" data-id=\"3c10295\" data-element_type=\"container\" data-e-type=\"container\">\n\t\t\t\t\t<div class=\"e-con-inner\">\n\t\t\t\t\t<\/div>\n\t\t\t\t<\/div>\n\t\t\t\t<\/div>\n\t\t","protected":false},"excerpt":{"rendered":"<p>o Scoprite qui tutti gli articoli e le interviste che mettono in luce la mia esperienza e le mie conoscenze o Il viaggio della vostra vita Homofaber Il meccanico e sellaio Simon Dubouloz \u00e8 riconosciuto per la sua abilit\u00e0 da molti motociclisti professionisti e clienti privati. Costruisce selle per motociclette Tribune de Gen\u00e8ve &#8211; marzo [&hellip;]<\/p>\n","protected":false},"author":4,"featured_media":0,"parent":0,"menu_order":0,"comment_status":"closed","ping_status":"closed","template":"","meta":{"footnotes":""},"class_list":["post-9931","page","type-page","status-publish","hentry"],"_links":{"self":[{"href":"https:\/\/sdubouloz.ch\/it\/wp-json\/wp\/v2\/pages\/9931","targetHints":{"allow":["GET"]}}],"collection":[{"href":"https:\/\/sdubouloz.ch\/it\/wp-json\/wp\/v2\/pages"}],"about":[{"href":"https:\/\/sdubouloz.ch\/it\/wp-json\/wp\/v2\/types\/page"}],"author":[{"embeddable":true,"href":"https:\/\/sdubouloz.ch\/it\/wp-json\/wp\/v2\/users\/4"}],"replies":[{"embeddable":true,"href":"https:\/\/sdubouloz.ch\/it\/wp-json\/wp\/v2\/comments?post=9931"}],"version-history":[{"count":2,"href":"https:\/\/sdubouloz.ch\/it\/wp-json\/wp\/v2\/pages\/9931\/revisions"}],"predecessor-version":[{"id":11177,"href":"https:\/\/sdubouloz.ch\/it\/wp-json\/wp\/v2\/pages\/9931\/revisions\/11177"}],"wp:attachment":[{"href":"https:\/\/sdubouloz.ch\/it\/wp-json\/wp\/v2\/media?parent=9931"}],"curies":[{"name":"wp","href":"https:\/\/api.w.org\/{rel}","templated":true}]}}