{"id":9914,"date":"2019-05-13T08:30:02","date_gmt":"2019-05-13T06:30:02","guid":{"rendered":"https:\/\/sdubouloz.ch\/medios-de-comunicacion\/"},"modified":"2023-10-20T12:29:18","modified_gmt":"2023-10-20T10:29:18","slug":"medios-de-comunicacion","status":"publish","type":"page","link":"https:\/\/sdubouloz.ch\/es\/medios-de-comunicacion\/","title":{"rendered":"Medios de comunicaci\u00f3n"},"content":{"rendered":"\t\t<div data-elementor-type=\"wp-page\" data-elementor-id=\"9914\" class=\"elementor elementor-9914 elementor-537\" data-elementor-post-type=\"page\">\n\t\t\t\t<div class=\"elementor-element elementor-element-c137b55 e-flex e-con-boxed e-con e-parent\" data-id=\"c137b55\" data-element_type=\"container\" data-e-type=\"container\">\n\t\t\t\t\t<div class=\"e-con-inner\">\n\t\t\t\t<div class=\"elementor-element elementor-element-3e3fb93 elementor-widget elementor-widget-heading\" data-id=\"3e3fb93\" data-element_type=\"widget\" data-e-type=\"widget\" data-widget_type=\"heading.default\">\n\t\t\t\t<div class=\"elementor-widget-container\">\n\t\t\t\t\t<h2 class=\"elementor-heading-title elementor-size-default\">o Descubra aqu\u00ed todos los art\u00edculos y entrevistas que ponen de relieve mi experiencia y conocimientos o<\/h2>\t\t\t\t<\/div>\n\t\t\t\t<\/div>\n\t\t\t\t\t<\/div>\n\t\t\t\t<\/div>\n\t\t<div class=\"elementor-element elementor-element-0184b40 e-flex e-con-boxed e-con e-parent\" data-id=\"0184b40\" data-element_type=\"container\" data-e-type=\"container\">\n\t\t\t\t\t<div class=\"e-con-inner\">\n\t\t<div class=\"elementor-element elementor-element-5c08b6e e-con-full e-flex e-con e-child\" data-id=\"5c08b6e\" data-element_type=\"container\" data-e-type=\"container\">\n\t\t\t\t<div class=\"elementor-element elementor-element-41725f0 elementor-widget elementor-widget-image\" data-id=\"41725f0\" data-element_type=\"widget\" data-e-type=\"widget\" data-widget_type=\"image.default\">\n\t\t\t\t<div class=\"elementor-widget-container\">\n\t\t\t\t\t\t\t\t\t\t\t\t\t\t\t\t<a href=\"https:\/\/www.homofaber.com\/en\/discover\/discover-simon-dubouloz\" target=\"_blank\">\n\t\t\t\t\t\t\t<img decoding=\"async\" src=\"https:\/\/sdubouloz.ch\/wp-content\/uploads\/elementor\/thumbs\/2023-07-28_13-48-qa2sdi0lv5qs6nb00e95c89wxr5obl1qkl7k93f72g.png\" title=\"2023-07-28_13-48\" alt=\"2023-07-28_13-48\" loading=\"lazy\" \/>\t\t\t\t\t\t\t\t<\/a>\n\t\t\t\t\t\t\t\t\t\t\t\t\t\t\t<\/div>\n\t\t\t\t<\/div>\n\t\t\t\t<div class=\"elementor-element elementor-element-d15e03f elementor-widget elementor-widget-heading\" data-id=\"d15e03f\" data-element_type=\"widget\" data-e-type=\"widget\" data-widget_type=\"heading.default\">\n\t\t\t\t<div class=\"elementor-widget-container\">\n\t\t\t\t\t<h2 class=\"elementor-heading-title elementor-size-default\">El viaje de tu vida<\/h2>\t\t\t\t<\/div>\n\t\t\t\t<\/div>\n\t\t\t\t<div class=\"elementor-element elementor-element-6edde83 elementor-align-left elementor-widget elementor-widget-button\" data-id=\"6edde83\" data-element_type=\"widget\" data-e-type=\"widget\" data-widget_type=\"button.default\">\n\t\t\t\t<div class=\"elementor-widget-container\">\n\t\t\t\t\t\t\t\t\t<div class=\"elementor-button-wrapper\">\n\t\t\t\t\t<a class=\"elementor-button elementor-button-link elementor-size-sm\" href=\"https:\/\/www.homofaber.com\/en\/discover\/discover-simon-dubouloz\" target=\"_blank\">\n\t\t\t\t\t\t<span class=\"elementor-button-content-wrapper\">\n\t\t\t\t\t\t\t\t\t<span class=\"elementor-button-text\">Homofaber<\/span>\n\t\t\t\t\t<\/span>\n\t\t\t\t\t<\/a>\n\t\t\t\t<\/div>\n\t\t\t\t\t\t\t\t<\/div>\n\t\t\t\t<\/div>\n\t\t\t\t<div class=\"elementor-element elementor-element-a574174 elementor-widget elementor-widget-text-editor\" data-id=\"a574174\" data-element_type=\"widget\" data-e-type=\"widget\" data-widget_type=\"text-editor.default\">\n\t\t\t\t<div class=\"elementor-widget-container\">\n\t\t\t\t\t\t\t\t\t<p>El mec\u00e1nico y guarnicionero de GP Simon Dubouloz es reconocido por su destreza por numerosos motoristas profesionales y clientes particulares.<\/p>\n\t\t\t\t\t\t\t\t<\/div>\n\t\t\t\t<\/div>\n\t\t\t\t<\/div>\n\t\t<div class=\"elementor-element elementor-element-fd6dda6 e-con-full e-flex e-con e-child\" data-id=\"fd6dda6\" data-element_type=\"container\" data-e-type=\"container\">\n\t\t\t\t<div class=\"elementor-element elementor-element-e536122 elementor-widget elementor-widget-image\" data-id=\"e536122\" data-element_type=\"widget\" data-e-type=\"widget\" data-widget_type=\"image.default\">\n\t\t\t\t<div class=\"elementor-widget-container\">\n\t\t\t\t\t\t\t\t\t\t\t\t\t\t\t\t<a href=\"https:\/\/www.tdg.ch\/il-confectionne-des-selles-de-moto-932302430471\" target=\"_blank\">\n\t\t\t\t\t\t\t<img decoding=\"async\" src=\"https:\/\/sdubouloz.ch\/wp-content\/uploads\/elementor\/thumbs\/2023-07-27_19-29-qa1gmljlyyp2xq3u6w2v5hlhqden9o4jwtb5fy1zm0.png\" title=\"2023-07-27_19-29\" alt=\"2023-07-27_19-29\" loading=\"lazy\" \/>\t\t\t\t\t\t\t\t<\/a>\n\t\t\t\t\t\t\t\t\t\t\t\t\t\t\t<\/div>\n\t\t\t\t<\/div>\n\t\t\t\t<div class=\"elementor-element elementor-element-10a52eb elementor-widget elementor-widget-heading\" data-id=\"10a52eb\" data-element_type=\"widget\" data-e-type=\"widget\" data-widget_type=\"heading.default\">\n\t\t\t\t<div class=\"elementor-widget-container\">\n\t\t\t\t\t<h2 class=\"elementor-heading-title elementor-size-default\">Hace sillines de moto\n<\/h2>\t\t\t\t<\/div>\n\t\t\t\t<\/div>\n\t\t\t\t<div class=\"elementor-element elementor-element-8d8176e elementor-align-left elementor-widget elementor-widget-button\" data-id=\"8d8176e\" data-element_type=\"widget\" data-e-type=\"widget\" data-widget_type=\"button.default\">\n\t\t\t\t<div class=\"elementor-widget-container\">\n\t\t\t\t\t\t\t\t\t<div class=\"elementor-button-wrapper\">\n\t\t\t\t\t<a class=\"elementor-button elementor-button-link elementor-size-sm\" href=\"https:\/\/www.tdg.ch\/il-confectionne-des-selles-de-moto-932302430471\" target=\"_blank\">\n\t\t\t\t\t\t<span class=\"elementor-button-content-wrapper\">\n\t\t\t\t\t\t\t\t\t<span class=\"elementor-button-text\">Tribune de Gen\u00e8ve - Marzo de 2022<\/span>\n\t\t\t\t\t<\/span>\n\t\t\t\t\t<\/a>\n\t\t\t\t<\/div>\n\t\t\t\t\t\t\t\t<\/div>\n\t\t\t\t<\/div>\n\t\t\t\t<div class=\"elementor-element elementor-element-4cb263d elementor-widget elementor-widget-text-editor\" data-id=\"4cb263d\" data-element_type=\"widget\" data-e-type=\"widget\" data-widget_type=\"text-editor.default\">\n\t\t\t\t<div class=\"elementor-widget-container\">\n\t\t\t\t\t\t\t\t\t<p>El taller de Simon Dubouloz repara y personaliza sillines de moto para clientes de a pie, as\u00ed como para pilotos profesionales de toda Europa.<\/p>\n\t\t\t\t\t\t\t\t<\/div>\n\t\t\t\t<\/div>\n\t\t\t\t<\/div>\n\t\t<div class=\"elementor-element elementor-element-4c24cd1 e-con-full e-flex e-con e-child\" data-id=\"4c24cd1\" data-element_type=\"container\" data-e-type=\"container\">\n\t\t\t\t<div class=\"elementor-element elementor-element-b9f704b elementor-widget elementor-widget-image\" data-id=\"b9f704b\" data-element_type=\"widget\" data-e-type=\"widget\" data-widget_type=\"image.default\">\n\t\t\t\t<div class=\"elementor-widget-container\">\n\t\t\t\t\t\t\t\t\t\t\t\t\t\t\t\t<a href=\"https:\/\/www.illustre.ch\/magazine\/simon-dubouloz-le-genevois-qui-confectionne-les-selles-des-champions\" target=\"_blank\">\n\t\t\t\t\t\t\t<img decoding=\"async\" src=\"https:\/\/sdubouloz.ch\/wp-content\/uploads\/elementor\/thumbs\/2023-07-27_19-47-qa1hb8v96kfrdmay9jmoj9omi3x53xz5yt5ih5icg8.png\" title=\"2023-07-27_19-47\" alt=\"2023-07-27_19-47\" loading=\"lazy\" \/>\t\t\t\t\t\t\t\t<\/a>\n\t\t\t\t\t\t\t\t\t\t\t\t\t\t\t<\/div>\n\t\t\t\t<\/div>\n\t\t\t\t<div class=\"elementor-element elementor-element-8d0eb33 elementor-widget elementor-widget-heading\" data-id=\"8d0eb33\" data-element_type=\"widget\" data-e-type=\"widget\" data-widget_type=\"heading.default\">\n\t\t\t\t<div class=\"elementor-widget-container\">\n\t\t\t\t\t<h2 class=\"elementor-heading-title elementor-size-default\">El ginebrino que fabrica las monturas de los campeones<\/h2>\t\t\t\t<\/div>\n\t\t\t\t<\/div>\n\t\t\t\t<div class=\"elementor-element elementor-element-ea4f47d elementor-align-left elementor-widget elementor-widget-button\" data-id=\"ea4f47d\" data-element_type=\"widget\" data-e-type=\"widget\" data-widget_type=\"button.default\">\n\t\t\t\t<div class=\"elementor-widget-container\">\n\t\t\t\t\t\t\t\t\t<div class=\"elementor-button-wrapper\">\n\t\t\t\t\t<a class=\"elementor-button elementor-button-link elementor-size-sm\" href=\"https:\/\/www.illustre.ch\/magazine\/simon-dubouloz-le-genevois-qui-confectionne-les-selles-des-champions\" target=\"_blank\">\n\t\t\t\t\t\t<span class=\"elementor-button-content-wrapper\">\n\t\t\t\t\t\t\t\t\t<span class=\"elementor-button-text\">L'illustr\u00e9 - Noviembre 2021<\/span>\n\t\t\t\t\t<\/span>\n\t\t\t\t\t<\/a>\n\t\t\t\t<\/div>\n\t\t\t\t\t\t\t\t<\/div>\n\t\t\t\t<\/div>\n\t\t\t\t<div class=\"elementor-element elementor-element-6618911 elementor-widget elementor-widget-text-editor\" data-id=\"6618911\" data-element_type=\"widget\" data-e-type=\"widget\" data-widget_type=\"text-editor.default\">\n\t\t\t\t<div class=\"elementor-widget-container\">\n\t\t\t\t\t\t\t\t\t<p>El ginebrino Simon Dubouloz es especialista en mec\u00e1nica de MotoGP y sillines de cuero artificial. De Tom L\u00fcthi a Valentino Ross, recibe \u00f3rdenes de los m\u00e1s grandes pilotos de carreras.<\/p>\n\t\t\t\t\t\t\t\t<\/div>\n\t\t\t\t<\/div>\n\t\t\t\t<\/div>\n\t\t<div class=\"elementor-element elementor-element-d1c58eb e-con-full e-flex e-con e-child\" data-id=\"d1c58eb\" data-element_type=\"container\" data-e-type=\"container\">\n\t\t\t\t<div class=\"elementor-element elementor-element-6cfb9b8 elementor-widget elementor-widget-image\" data-id=\"6cfb9b8\" data-element_type=\"widget\" data-e-type=\"widget\" data-widget_type=\"image.default\">\n\t\t\t\t<div class=\"elementor-widget-container\">\n\t\t\t\t\t\t\t\t\t\t\t\t\t\t\t\t<a href=\"https:\/\/www.lemanbleu.ch\/fr\/Actualite\/Archives\/Simon-Dubouloz-l-artisan-sellier-des-stars-du-paddock.html\" target=\"_blank\">\n\t\t\t\t\t\t\t<img decoding=\"async\" src=\"https:\/\/sdubouloz.ch\/wp-content\/uploads\/elementor\/thumbs\/2023-07-27_19-50-qa1hg5kwvf5o0b69lo0jk13a6jq5b1gpb3ssp68byg.png\" title=\"2023-07-27_19-50\" alt=\"2023-07-27_19-50\" loading=\"lazy\" \/>\t\t\t\t\t\t\t\t<\/a>\n\t\t\t\t\t\t\t\t\t\t\t\t\t\t\t<\/div>\n\t\t\t\t<\/div>\n\t\t\t\t<div class=\"elementor-element elementor-element-95b32bc elementor-widget elementor-widget-heading\" data-id=\"95b32bc\" data-element_type=\"widget\" data-e-type=\"widget\" data-widget_type=\"heading.default\">\n\t\t\t\t<div class=\"elementor-widget-container\">\n\t\t\t\t\t<h2 class=\"elementor-heading-title elementor-size-default\">El guarnicionero de las estrellas del paddock<\/h2>\t\t\t\t<\/div>\n\t\t\t\t<\/div>\n\t\t\t\t<div class=\"elementor-element elementor-element-b86bda2 elementor-align-left elementor-widget elementor-widget-button\" data-id=\"b86bda2\" data-element_type=\"widget\" data-e-type=\"widget\" data-widget_type=\"button.default\">\n\t\t\t\t<div class=\"elementor-widget-container\">\n\t\t\t\t\t\t\t\t\t<div class=\"elementor-button-wrapper\">\n\t\t\t\t\t<a class=\"elementor-button elementor-button-link elementor-size-sm\" href=\"https:\/\/www.lemanbleu.ch\/fr\/Actualite\/Archives\/Simon-Dubouloz-l-artisan-sellier-des-stars-du-paddock.html\" target=\"_blank\">\n\t\t\t\t\t\t<span class=\"elementor-button-content-wrapper\">\n\t\t\t\t\t\t\t\t\t<span class=\"elementor-button-text\">L\u00e9man Bleu - Abril 2021<\/span>\n\t\t\t\t\t<\/span>\n\t\t\t\t\t<\/a>\n\t\t\t\t<\/div>\n\t\t\t\t\t\t\t\t<\/div>\n\t\t\t\t<\/div>\n\t\t\t\t<div class=\"elementor-element elementor-element-3ac0ec7 elementor-widget elementor-widget-text-editor\" data-id=\"3ac0ec7\" data-element_type=\"widget\" data-e-type=\"widget\" data-widget_type=\"text-editor.default\">\n\t\t\t\t<div class=\"elementor-widget-container\">\n\t\t\t\t\t\t\t\t\t<p>  Tras formarse en una de las m\u00e1s prestigiosas escuelas de mec\u00e1nica de competici\u00f3n del suroeste de Francia, el ginebrino dio sus primeros pasos en el mundial de motociclismo en 2015.  <\/p>\n\t\t\t\t\t\t\t\t<\/div>\n\t\t\t\t<\/div>\n\t\t\t\t<\/div>\n\t\t\t\t\t<\/div>\n\t\t\t\t<\/div>\n\t\t<div class=\"elementor-element elementor-element-6b7f5aa e-flex e-con-boxed e-con e-parent\" data-id=\"6b7f5aa\" data-element_type=\"container\" data-e-type=\"container\">\n\t\t\t\t\t<div class=\"e-con-inner\">\n\t\t<div class=\"elementor-element elementor-element-52131a1 e-con-full e-flex e-con e-child\" data-id=\"52131a1\" data-element_type=\"container\" data-e-type=\"container\">\n\t\t\t\t<div class=\"elementor-element elementor-element-439e8f1 elementor-widget elementor-widget-image\" data-id=\"439e8f1\" data-element_type=\"widget\" data-e-type=\"widget\" data-widget_type=\"image.default\">\n\t\t\t\t<div class=\"elementor-widget-container\">\n\t\t\t\t\t\t\t\t\t\t\t\t\t\t\t\t<a href=\"https:\/\/www.actumoto.ch\/2021\/03\/30\/portrait-a-la-rencontre-de-simon-dubouloz-artisan-sellier-et-mecanicien-en-grand-prix\/\" target=\"_blank\">\n\t\t\t\t\t\t\t<img decoding=\"async\" src=\"https:\/\/sdubouloz.ch\/wp-content\/uploads\/elementor\/thumbs\/2023-07-28_13-30-qa2rljbgjlgos9xaat3pnsb8q2zkbr17q6ij9qvu6g.png\" title=\"2023-07-28_13-30\" alt=\"2023-07-28_13-30\" loading=\"lazy\" \/>\t\t\t\t\t\t\t\t<\/a>\n\t\t\t\t\t\t\t\t\t\t\t\t\t\t\t<\/div>\n\t\t\t\t<\/div>\n\t\t\t\t<div class=\"elementor-element elementor-element-ce56e68 elementor-widget elementor-widget-heading\" data-id=\"ce56e68\" data-element_type=\"widget\" data-e-type=\"widget\" data-widget_type=\"heading.default\">\n\t\t\t\t<div class=\"elementor-widget-container\">\n\t\t\t\t\t<h2 class=\"elementor-heading-title elementor-size-default\">Conozca a Simon Dubouloz<\/h2>\t\t\t\t<\/div>\n\t\t\t\t<\/div>\n\t\t\t\t<div class=\"elementor-element elementor-element-1205eb0 elementor-align-left elementor-widget elementor-widget-button\" data-id=\"1205eb0\" data-element_type=\"widget\" data-e-type=\"widget\" data-widget_type=\"button.default\">\n\t\t\t\t<div class=\"elementor-widget-container\">\n\t\t\t\t\t\t\t\t\t<div class=\"elementor-button-wrapper\">\n\t\t\t\t\t<a class=\"elementor-button elementor-button-link elementor-size-sm\" href=\"https:\/\/www.actumoto.ch\/2021\/03\/30\/portrait-a-la-rencontre-de-simon-dubouloz-artisan-sellier-et-mecanicien-en-grand-prix\/\" target=\"_blank\">\n\t\t\t\t\t\t<span class=\"elementor-button-content-wrapper\">\n\t\t\t\t\t\t\t\t\t<span class=\"elementor-button-text\">Actumoto.ch - Marzo de 2021<\/span>\n\t\t\t\t\t<\/span>\n\t\t\t\t\t<\/a>\n\t\t\t\t<\/div>\n\t\t\t\t\t\t\t\t<\/div>\n\t\t\t\t<\/div>\n\t\t\t\t<div class=\"elementor-element elementor-element-5d0a68b elementor-widget elementor-widget-text-editor\" data-id=\"5d0a68b\" data-element_type=\"widget\" data-e-type=\"widget\" data-widget_type=\"text-editor.default\">\n\t\t\t\t<div class=\"elementor-widget-container\">\n\t\t\t\t\t\t\t\t\t<p>Con s\u00f3lo 30 a\u00f1os, Simon Dubouloz ejerce una profesi\u00f3n poco conocida, casi olvidada. El artesano y guarnicionero ginebrino es una referencia en el sector de la tapicer\u00eda de motos, hasta el punto de que incluso las estrellas de MotoGP recurren a \u00e9l.<\/p>\n\t\t\t\t\t\t\t\t<\/div>\n\t\t\t\t<\/div>\n\t\t\t\t<\/div>\n\t\t<div class=\"elementor-element elementor-element-9e65d3a e-con-full e-flex e-con e-child\" data-id=\"9e65d3a\" data-element_type=\"container\" data-e-type=\"container\">\n\t\t\t\t<div class=\"elementor-element elementor-element-67a595d elementor-widget elementor-widget-image\" data-id=\"67a595d\" data-element_type=\"widget\" data-e-type=\"widget\" data-widget_type=\"image.default\">\n\t\t\t\t<div class=\"elementor-widget-container\">\n\t\t\t\t\t\t\t\t\t\t\t\t\t\t\t\t<a href=\"https:\/\/metiersdart.ch\/fr_CH\/actualites\/troisieme-prix-releve-metiers-d-art-simon-dubouloz-artisan-sellier-moto-a-plan-les-ouates\" target=\"_blank\">\n\t\t\t\t\t\t\t<img decoding=\"async\" src=\"https:\/\/sdubouloz.ch\/wp-content\/uploads\/elementor\/thumbs\/2023-07-28_13-33-qa2rp5z0xkfjm2ni3vkusdcban3l1ofwk570z7i45k.png\" title=\"2023-07-28_13-33\" alt=\"2023-07-28_13-33\" loading=\"lazy\" \/>\t\t\t\t\t\t\t\t<\/a>\n\t\t\t\t\t\t\t\t\t\t\t\t\t\t\t<\/div>\n\t\t\t\t<\/div>\n\t\t\t\t<div class=\"elementor-element elementor-element-a124687 elementor-widget elementor-widget-heading\" data-id=\"a124687\" data-element_type=\"widget\" data-e-type=\"widget\" data-widget_type=\"heading.default\">\n\t\t\t\t<div class=\"elementor-widget-container\">\n\t\t\t\t\t<h2 class=\"elementor-heading-title elementor-size-default\">Tercer premio a la artesan\u00eda suiza<\/h2>\t\t\t\t<\/div>\n\t\t\t\t<\/div>\n\t\t\t\t<div class=\"elementor-element elementor-element-bfab555 elementor-align-left elementor-widget elementor-widget-button\" data-id=\"bfab555\" data-element_type=\"widget\" data-e-type=\"widget\" data-widget_type=\"button.default\">\n\t\t\t\t<div class=\"elementor-widget-container\">\n\t\t\t\t\t\t\t\t\t<div class=\"elementor-button-wrapper\">\n\t\t\t\t\t<a class=\"elementor-button elementor-button-link elementor-size-sm\" href=\"https:\/\/metiersdart.ch\/fr_CH\/actualites\/troisieme-prix-releve-metiers-d-art-simon-dubouloz-artisan-sellier-moto-a-plan-les-ouates\" target=\"_blank\">\n\t\t\t\t\t\t<span class=\"elementor-button-content-wrapper\">\n\t\t\t\t\t\t\t\t\t<span class=\"elementor-button-text\">M\u00e9tiersdarts.ch - Diciembre 2020<\/span>\n\t\t\t\t\t<\/span>\n\t\t\t\t\t<\/a>\n\t\t\t\t<\/div>\n\t\t\t\t\t\t\t\t<\/div>\n\t\t\t\t<\/div>\n\t\t\t\t<div class=\"elementor-element elementor-element-bb4fc56 elementor-widget elementor-widget-text-editor\" data-id=\"bb4fc56\" data-element_type=\"widget\" data-e-type=\"widget\" data-widget_type=\"text-editor.default\">\n\t\t\t\t<div class=\"elementor-widget-container\">\n\t\t\t\t\t\t\t\t\t<p>Este premio recompensa el talento y el gran potencial de desarrollo de un joven artesano. Digno heredero del talento de su madre como marroquinera, Simon Dubouloz trabaja el cuero con precisi\u00f3n, buscando la perfecci\u00f3n hasta en el m\u00e1s m\u00ednimo detalle.<\/p>\n\t\t\t\t\t\t\t\t<\/div>\n\t\t\t\t<\/div>\n\t\t\t\t<\/div>\n\t\t<div class=\"elementor-element elementor-element-7b8a90f e-con-full e-flex e-con e-child\" data-id=\"7b8a90f\" data-element_type=\"container\" data-e-type=\"container\">\n\t\t\t\t<div class=\"elementor-element elementor-element-c85a30e elementor-widget elementor-widget-image\" data-id=\"c85a30e\" data-element_type=\"widget\" data-e-type=\"widget\" data-widget_type=\"image.default\">\n\t\t\t\t<div class=\"elementor-widget-container\">\n\t\t\t\t\t\t\t\t\t\t\t\t\t\t\t\t<a href=\"https:\/\/metiersdart.ch\/fr_CH\/actualites\/simon-dubouloz-artisan-sellier-moto-a-plan-les-ouates-ge-presente-son-metier-depuis-son-atelier\" target=\"_blank\">\n\t\t\t\t\t\t\t<img decoding=\"async\" src=\"https:\/\/sdubouloz.ch\/wp-content\/uploads\/elementor\/thumbs\/1596434070_simondubouloz_20200803simondubouloz04-qa2rtyxbv30ayboa1yc7j5p4ljf4dziijx8da4doco.jpg\" title=\"1596434070_simondubouloz_20200803simondubouloz04\" alt=\"1596434070_simondubouloz_20200803simondubouloz04\" loading=\"lazy\" \/>\t\t\t\t\t\t\t\t<\/a>\n\t\t\t\t\t\t\t\t\t\t\t\t\t\t\t<\/div>\n\t\t\t\t<\/div>\n\t\t\t\t<div class=\"elementor-element elementor-element-5321731 elementor-widget elementor-widget-heading\" data-id=\"5321731\" data-element_type=\"widget\" data-e-type=\"widget\" data-widget_type=\"heading.default\">\n\t\t\t\t<div class=\"elementor-widget-container\">\n\t\t\t\t\t<h2 class=\"elementor-heading-title elementor-size-default\">Ficha de perfil<\/h2>\t\t\t\t<\/div>\n\t\t\t\t<\/div>\n\t\t\t\t<div class=\"elementor-element elementor-element-cf29548 elementor-align-left elementor-widget elementor-widget-button\" data-id=\"cf29548\" data-element_type=\"widget\" data-e-type=\"widget\" data-widget_type=\"button.default\">\n\t\t\t\t<div class=\"elementor-widget-container\">\n\t\t\t\t\t\t\t\t\t<div class=\"elementor-button-wrapper\">\n\t\t\t\t\t<a class=\"elementor-button elementor-button-link elementor-size-sm\" href=\"https:\/\/metiersdart.ch\/fr_CH\/actualites\/simon-dubouloz-artisan-sellier-moto-a-plan-les-ouates-ge-presente-son-metier-depuis-son-atelier\" target=\"_blank\">\n\t\t\t\t\t\t<span class=\"elementor-button-content-wrapper\">\n\t\t\t\t\t\t\t\t\t<span class=\"elementor-button-text\">M\u00e9tiersdarts.ch - Agosto de 2020<\/span>\n\t\t\t\t\t<\/span>\n\t\t\t\t\t<\/a>\n\t\t\t\t<\/div>\n\t\t\t\t\t\t\t\t<\/div>\n\t\t\t\t<\/div>\n\t\t\t\t<div class=\"elementor-element elementor-element-aaa661b elementor-widget elementor-widget-text-editor\" data-id=\"aaa661b\" data-element_type=\"widget\" data-e-type=\"widget\" data-widget_type=\"text-editor.default\">\n\t\t\t\t<div class=\"elementor-widget-container\">\n\t\t\t\t\t\t\t\t\t<p>Simon Dubouloz creci\u00f3 en el taller de cuero de su madre, Chris Murner, donde desarroll\u00f3 el gusto por trabajar el cuero. Tras obtener un CFC en mec\u00e1nica de motocicletas, perfeccion\u00f3 sus conocimientos en guarnicioner\u00eda de motos y dise\u00f1\u00f3 sus propios sillines para que fueran lo m\u00e1s ergon\u00f3micos y est\u00e9ticos posible.<\/p>\n\t\t\t\t\t\t\t\t<\/div>\n\t\t\t\t<\/div>\n\t\t\t\t<\/div>\n\t\t<div class=\"elementor-element elementor-element-f97e453 e-con-full e-flex e-con e-child\" data-id=\"f97e453\" data-element_type=\"container\" data-e-type=\"container\">\n\t\t\t\t<div class=\"elementor-element elementor-element-c2bed64 elementor-widget elementor-widget-image\" data-id=\"c2bed64\" data-element_type=\"widget\" data-e-type=\"widget\" data-widget_type=\"image.default\">\n\t\t\t\t<div class=\"elementor-widget-container\">\n\t\t\t\t\t\t\t\t\t\t\t\t\t\t\t\t<a href=\"https:\/\/www.actumoto.ch\/2019\/06\/03\/simon-dubouloz-sellier-et-mecano-en-gp-et-en-endurance\/\" target=\"_blank\">\n\t\t\t\t\t\t\t<img decoding=\"async\" src=\"https:\/\/sdubouloz.ch\/wp-content\/uploads\/elementor\/thumbs\/2023-07-28_13-54-qa2smm2a4c7uqk2hsu1y0fhs988rxy825ow0qnwsqw.png\" title=\"2023-07-28_13-54\" alt=\"2023-07-28_13-54\" loading=\"lazy\" \/>\t\t\t\t\t\t\t\t<\/a>\n\t\t\t\t\t\t\t\t\t\t\t\t\t\t\t<\/div>\n\t\t\t\t<\/div>\n\t\t\t\t<div class=\"elementor-element elementor-element-47ab41c elementor-widget elementor-widget-heading\" data-id=\"47ab41c\" data-element_type=\"widget\" data-e-type=\"widget\" data-widget_type=\"heading.default\">\n\t\t\t\t<div class=\"elementor-widget-container\">\n\t\t\t\t\t<h2 class=\"elementor-heading-title elementor-size-default\">GP &amp; endurance guarnicionero y mec\u00e1nico<\/h2>\t\t\t\t<\/div>\n\t\t\t\t<\/div>\n\t\t\t\t<div class=\"elementor-element elementor-element-42e9d8f elementor-align-left elementor-widget elementor-widget-button\" data-id=\"42e9d8f\" data-element_type=\"widget\" data-e-type=\"widget\" data-widget_type=\"button.default\">\n\t\t\t\t<div class=\"elementor-widget-container\">\n\t\t\t\t\t\t\t\t\t<div class=\"elementor-button-wrapper\">\n\t\t\t\t\t<a class=\"elementor-button elementor-button-link elementor-size-sm\" href=\"https:\/\/www.actumoto.ch\/2019\/06\/03\/simon-dubouloz-sellier-et-mecano-en-gp-et-en-endurance\/\" target=\"_blank\">\n\t\t\t\t\t\t<span class=\"elementor-button-content-wrapper\">\n\t\t\t\t\t\t\t\t\t<span class=\"elementor-button-text\">Actumoto.ch - Mayo de 2020<\/span>\n\t\t\t\t\t<\/span>\n\t\t\t\t\t<\/a>\n\t\t\t\t<\/div>\n\t\t\t\t\t\t\t\t<\/div>\n\t\t\t\t<\/div>\n\t\t\t\t<div class=\"elementor-element elementor-element-41a5e8f elementor-widget elementor-widget-text-editor\" data-id=\"41a5e8f\" data-element_type=\"widget\" data-e-type=\"widget\" data-widget_type=\"text-editor.default\">\n\t\t\t\t<div class=\"elementor-widget-container\">\n\t\t\t\t\t\t\t\t\t<p>  Tras formarse en una de las m\u00e1s prestigiosas escuelas de mec\u00e1nica de competici\u00f3n del suroeste de Francia, el ginebrino dio sus primeros pasos en el mundial de motociclismo en 2015.  <\/p>\n\t\t\t\t\t\t\t\t<\/div>\n\t\t\t\t<\/div>\n\t\t\t\t<\/div>\n\t\t\t\t\t<\/div>\n\t\t\t\t<\/div>\n\t\t<div class=\"elementor-element elementor-element-b4b060a e-flex e-con-boxed e-con e-parent\" data-id=\"b4b060a\" data-element_type=\"container\" data-e-type=\"container\">\n\t\t\t\t\t<div class=\"e-con-inner\">\n\t\t<div class=\"elementor-element elementor-element-5ef5cc1 e-con-full e-flex e-con e-child\" data-id=\"5ef5cc1\" data-element_type=\"container\" data-e-type=\"container\">\n\t\t\t\t<div class=\"elementor-element elementor-element-bec02ea elementor-widget elementor-widget-image\" data-id=\"bec02ea\" data-element_type=\"widget\" data-e-type=\"widget\" data-widget_type=\"image.default\">\n\t\t\t\t<div class=\"elementor-widget-container\">\n\t\t\t\t\t\t\t\t\t\t\t\t\t\t\t\t<a href=\"https:\/\/www.actumoto.ch\/2020\/05\/03\/un-prix-suisse-de-la-releve-pour-un-sellier-genevois\/\" target=\"_blank\">\n\t\t\t\t\t\t\t<img decoding=\"async\" src=\"https:\/\/sdubouloz.ch\/wp-content\/uploads\/elementor\/thumbs\/2023-07-28_14-03-qa2t0w7zyprp59bneiavebqx6zujwdx8gdqm90qg7c.png\" title=\"2023-07-28_14-03\" alt=\"2023-07-28_14-03\" loading=\"lazy\" \/>\t\t\t\t\t\t\t\t<\/a>\n\t\t\t\t\t\t\t\t\t\t\t\t\t\t\t<\/div>\n\t\t\t\t<\/div>\n\t\t\t\t<div class=\"elementor-element elementor-element-129347b elementor-widget elementor-widget-heading\" data-id=\"129347b\" data-element_type=\"widget\" data-e-type=\"widget\" data-widget_type=\"heading.default\">\n\t\t\t\t<div class=\"elementor-widget-container\">\n\t\t\t\t\t<h2 class=\"elementor-heading-title elementor-size-default\">Un guarnicionero ginebrino gana el Swiss Young Talent Award<\/h2>\t\t\t\t<\/div>\n\t\t\t\t<\/div>\n\t\t\t\t<div class=\"elementor-element elementor-element-6289d29 elementor-align-left elementor-widget elementor-widget-button\" data-id=\"6289d29\" data-element_type=\"widget\" data-e-type=\"widget\" data-widget_type=\"button.default\">\n\t\t\t\t<div class=\"elementor-widget-container\">\n\t\t\t\t\t\t\t\t\t<div class=\"elementor-button-wrapper\">\n\t\t\t\t\t<a class=\"elementor-button elementor-button-link elementor-size-sm\" href=\"https:\/\/www.actumoto.ch\/2020\/05\/03\/un-prix-suisse-de-la-releve-pour-un-sellier-genevois\/\" target=\"_blank\">\n\t\t\t\t\t\t<span class=\"elementor-button-content-wrapper\">\n\t\t\t\t\t\t\t\t\t<span class=\"elementor-button-text\">Actumoto.ch - Mayo de 2019<\/span>\n\t\t\t\t\t<\/span>\n\t\t\t\t\t<\/a>\n\t\t\t\t<\/div>\n\t\t\t\t\t\t\t\t<\/div>\n\t\t\t\t<\/div>\n\t\t\t\t<div class=\"elementor-element elementor-element-5706407 elementor-widget elementor-widget-text-editor\" data-id=\"5706407\" data-element_type=\"widget\" data-e-type=\"widget\" data-widget_type=\"text-editor.default\">\n\t\t\t\t<div class=\"elementor-widget-container\">\n\t\t\t\t\t\t\t\t\t<p>A finales de 2019, Simon Dubouloz recibi\u00f3 el tercer premio de la Asociaci\u00f3n Suiza de Artesan\u00eda por su original sof\u00e1 de sill\u00edn estilo Caf\u00e9 Racer.<\/p>\n\t\t\t\t\t\t\t\t<\/div>\n\t\t\t\t<\/div>\n\t\t\t\t<\/div>\n\t\t<div class=\"elementor-element elementor-element-8e437c2 e-con-full e-flex e-con e-child\" data-id=\"8e437c2\" data-element_type=\"container\" data-e-type=\"container\">\n\t\t\t\t<div class=\"elementor-element elementor-element-0eb2d67 elementor-widget elementor-widget-image\" data-id=\"0eb2d67\" data-element_type=\"widget\" data-e-type=\"widget\" data-widget_type=\"image.default\">\n\t\t\t\t<div class=\"elementor-widget-container\">\n\t\t\t\t\t\t\t\t\t\t\t\t\t\t\t\t<a href=\"https:\/\/www.actumoto.ch\/2018\/09\/03\/le-genevois-simon-dubouloz-offre-une-selle-a-valentino-rossi\/\" target=\"_blank\">\n\t\t\t\t\t\t\t<img decoding=\"async\" src=\"https:\/\/sdubouloz.ch\/wp-content\/uploads\/elementor\/thumbs\/Yamaha-Valentino-Rossi-Ranch-3-q1ansnbioi5vceni8g51wb9lvcifgk28xn6cf0ykjs.jpg\" title=\"Yamaha Valentino Rossi Ranch\" alt=\"Yamaha Valentino Rossi Ranch\" loading=\"lazy\" \/>\t\t\t\t\t\t\t\t<\/a>\n\t\t\t\t\t\t\t\t\t\t\t\t\t\t\t<\/div>\n\t\t\t\t<\/div>\n\t\t\t\t<div class=\"elementor-element elementor-element-80a45a0 elementor-widget elementor-widget-heading\" data-id=\"80a45a0\" data-element_type=\"widget\" data-e-type=\"widget\" data-widget_type=\"heading.default\">\n\t\t\t\t<div class=\"elementor-widget-container\">\n\t\t\t\t\t<h2 class=\"elementor-heading-title elementor-size-default\">El ginebrino Simon Dubouloz regala una silla de montar a Valentino Rossi.<\/h2>\t\t\t\t<\/div>\n\t\t\t\t<\/div>\n\t\t\t\t<div class=\"elementor-element elementor-element-f96d5ce elementor-align-left elementor-widget elementor-widget-button\" data-id=\"f96d5ce\" data-element_type=\"widget\" data-e-type=\"widget\" data-widget_type=\"button.default\">\n\t\t\t\t<div class=\"elementor-widget-container\">\n\t\t\t\t\t\t\t\t\t<div class=\"elementor-button-wrapper\">\n\t\t\t\t\t<a class=\"elementor-button elementor-button-link elementor-size-sm\" href=\"https:\/\/www.actumoto.ch\/2018\/09\/03\/le-genevois-simon-dubouloz-offre-une-selle-a-valentino-rossi\/\" target=\"_blank\">\n\t\t\t\t\t\t<span class=\"elementor-button-content-wrapper\">\n\t\t\t\t\t\t\t\t\t<span class=\"elementor-button-text\">Actumoto.ch - septiembre de 2018<\/span>\n\t\t\t\t\t<\/span>\n\t\t\t\t\t<\/a>\n\t\t\t\t<\/div>\n\t\t\t\t\t\t\t\t<\/div>\n\t\t\t\t<\/div>\n\t\t\t\t<div class=\"elementor-element elementor-element-f59c7b1 elementor-widget elementor-widget-text-editor\" data-id=\"f59c7b1\" data-element_type=\"widget\" data-e-type=\"widget\" data-widget_type=\"text-editor.default\">\n\t\t\t\t<div class=\"elementor-widget-container\">\n\t\t\t\t\t\t\t\t\t<p>El guarnicionero suizo, que tambi\u00e9n trabaja como mec\u00e1nico del campe\u00f3n del mundo italiano de Moto3 Marco Bezzecchi, pudo hacer un regalo muy apreciado al hombre que es una leyenda de MotoGP, con nueve t\u00edtulos a sus espaldas.<\/p>\n\t\t\t\t\t\t\t\t<\/div>\n\t\t\t\t<\/div>\n\t\t\t\t<\/div>\n\t\t<div class=\"elementor-element elementor-element-e4400d2 e-con-full e-flex e-con e-child\" data-id=\"e4400d2\" data-element_type=\"container\" data-e-type=\"container\">\n\t\t\t\t<div class=\"elementor-element elementor-element-f2f0114 elementor-widget elementor-widget-image\" data-id=\"f2f0114\" data-element_type=\"widget\" data-e-type=\"widget\" data-widget_type=\"image.default\">\n\t\t\t\t<div class=\"elementor-widget-container\">\n\t\t\t\t\t\t\t\t\t\t\t\t\t\t\t\t<a href=\"https:\/\/www.tdg.ch\/tierce-gagnant-dans-la-maroquinerie-dart-939653511365\" target=\"_blank\">\n\t\t\t\t\t\t\t<img decoding=\"async\" src=\"https:\/\/sdubouloz.ch\/wp-content\/uploads\/elementor\/thumbs\/2023-07-28_14-05-qa2t3bmzmb3d4zso8236c7osftvos8k9seervr4u4o.png\" title=\"2023-07-28_14-05\" alt=\"2023-07-28_14-05\" loading=\"lazy\" \/>\t\t\t\t\t\t\t\t<\/a>\n\t\t\t\t\t\t\t\t\t\t\t\t\t\t\t<\/div>\n\t\t\t\t<\/div>\n\t\t\t\t<div class=\"elementor-element elementor-element-6578554 elementor-widget elementor-widget-heading\" data-id=\"6578554\" data-element_type=\"widget\" data-e-type=\"widget\" data-widget_type=\"heading.default\">\n\t\t\t\t<div class=\"elementor-widget-container\">\n\t\t\t\t\t<h2 class=\"elementor-heading-title elementor-size-default\">Un tr\u00edo ganador en marroquiner\u00eda fina<\/h2>\t\t\t\t<\/div>\n\t\t\t\t<\/div>\n\t\t\t\t<div class=\"elementor-element elementor-element-94348c5 elementor-align-left elementor-widget elementor-widget-button\" data-id=\"94348c5\" data-element_type=\"widget\" data-e-type=\"widget\" data-widget_type=\"button.default\">\n\t\t\t\t<div class=\"elementor-widget-container\">\n\t\t\t\t\t\t\t\t\t<div class=\"elementor-button-wrapper\">\n\t\t\t\t\t<a class=\"elementor-button elementor-button-link elementor-size-sm\" href=\"https:\/\/www.tdg.ch\/tierce-gagnant-dans-la-maroquinerie-dart-939653511365\" target=\"_blank\">\n\t\t\t\t\t\t<span class=\"elementor-button-content-wrapper\">\n\t\t\t\t\t\t\t\t\t<span class=\"elementor-button-text\">Tribune de Gen\u00e8ve - abril de 2018<\/span>\n\t\t\t\t\t<\/span>\n\t\t\t\t\t<\/a>\n\t\t\t\t<\/div>\n\t\t\t\t\t\t\t\t<\/div>\n\t\t\t\t<\/div>\n\t\t\t\t<div class=\"elementor-element elementor-element-47e325b elementor-widget elementor-widget-text-editor\" data-id=\"47e325b\" data-element_type=\"widget\" data-e-type=\"widget\" data-widget_type=\"text-editor.default\">\n\t\t\t\t<div class=\"elementor-widget-container\">\n\t\t\t\t\t\t\t\t\t<p class=\"ContentHead_lead__zVmJZ link_regular__Cy8JS link_externalicon-big__uqzSW link_externalicon__Me6bM\"><span class=\"HtmlText_root__3vQQX\">Christiane Murner ha transmitido su pasi\u00f3n por el cuero a su hijo, Simon, y a su hija, Camille. Descubra estas rutas durante las Journ\u00e9es des m\u00e9tiers d&#8217;art, del 20 al 22 de abril.<\/span><\/p>\n\t\t\t\t\t\t\t\t<\/div>\n\t\t\t\t<\/div>\n\t\t\t\t<\/div>\n\t\t<div class=\"elementor-element elementor-element-b325d2c e-con-full e-flex e-con e-child\" data-id=\"b325d2c\" data-element_type=\"container\" data-e-type=\"container\">\n\t\t\t\t<div class=\"elementor-element elementor-element-500aec6 elementor-widget elementor-widget-image\" data-id=\"500aec6\" data-element_type=\"widget\" data-e-type=\"widget\" data-widget_type=\"image.default\">\n\t\t\t\t<div class=\"elementor-widget-container\">\n\t\t\t\t\t\t\t\t\t\t\t\t\t\t\t\t<a href=\"https:\/\/www.facebook.com\/1421880588093036\/videos\/2018850671729355\/\" target=\"_blank\">\n\t\t\t\t\t\t\t<img decoding=\"async\" src=\"https:\/\/sdubouloz.ch\/wp-content\/uploads\/elementor\/thumbs\/2023-07-28_14-06-qa2t4v3gtj7a5zk48825xbozhkacedofo0wf72ulxk.png\" title=\"2023-07-28_14-06\" alt=\"2023-07-28_14-06\" loading=\"lazy\" \/>\t\t\t\t\t\t\t\t<\/a>\n\t\t\t\t\t\t\t\t\t\t\t\t\t\t\t<\/div>\n\t\t\t\t<\/div>\n\t\t\t\t<div class=\"elementor-element elementor-element-74e399b elementor-widget elementor-widget-heading\" data-id=\"74e399b\" data-element_type=\"widget\" data-e-type=\"widget\" data-widget_type=\"heading.default\">\n\t\t\t\t<div class=\"elementor-widget-container\">\n\t\t\t\t\t<h2 class=\"elementor-heading-title elementor-size-default\">Moto 3 en el stand<\/h2>\t\t\t\t<\/div>\n\t\t\t\t<\/div>\n\t\t\t\t<div class=\"elementor-element elementor-element-10ce4cc elementor-align-left elementor-widget elementor-widget-button\" data-id=\"10ce4cc\" data-element_type=\"widget\" data-e-type=\"widget\" data-widget_type=\"button.default\">\n\t\t\t\t<div class=\"elementor-widget-container\">\n\t\t\t\t\t\t\t\t\t<div class=\"elementor-button-wrapper\">\n\t\t\t\t\t<a class=\"elementor-button elementor-button-link elementor-size-sm\" href=\"https:\/\/www.facebook.com\/1421880588093036\/videos\/2018850671729355\/\" target=\"_blank\">\n\t\t\t\t\t\t<span class=\"elementor-button-content-wrapper\">\n\t\t\t\t\t\t\t\t\t<span class=\"elementor-button-text\">Stand del Supercross de Ginebra - diciembre de 2017<\/span>\n\t\t\t\t\t<\/span>\n\t\t\t\t\t<\/a>\n\t\t\t\t<\/div>\n\t\t\t\t\t\t\t\t<\/div>\n\t\t\t\t<\/div>\n\t\t\t\t<div class=\"elementor-element elementor-element-00c20a0 elementor-widget elementor-widget-text-editor\" data-id=\"00c20a0\" data-element_type=\"widget\" data-e-type=\"widget\" data-widget_type=\"text-editor.default\">\n\t\t\t\t<div class=\"elementor-widget-container\">\n\t\t\t\t\t\t\t\t\t<p>Tras formarse en una de las m\u00e1s prestigiosas escuelas de mec\u00e1nica de competici\u00f3n del suroeste de Francia, el ginebrino dio sus primeros pasos en el mundial de motociclismo en 2015.  <\/p>\n\t\t\t\t\t\t\t\t<\/div>\n\t\t\t\t<\/div>\n\t\t\t\t<\/div>\n\t\t\t\t\t<\/div>\n\t\t\t\t<\/div>\n\t\t<div class=\"elementor-element elementor-element-7f6c93a e-flex e-con-boxed e-con e-parent\" data-id=\"7f6c93a\" data-element_type=\"container\" data-e-type=\"container\">\n\t\t\t\t\t<div class=\"e-con-inner\">\n\t\t<div class=\"elementor-element elementor-element-ba9b3c7 e-con-full e-flex e-con e-child\" data-id=\"ba9b3c7\" data-element_type=\"container\" data-e-type=\"container\">\n\t\t\t\t<div class=\"elementor-element elementor-element-dbf3eb4 elementor-widget elementor-widget-image\" data-id=\"dbf3eb4\" data-element_type=\"widget\" data-e-type=\"widget\" data-widget_type=\"image.default\">\n\t\t\t\t<div class=\"elementor-widget-container\">\n\t\t\t\t\t\t\t\t\t\t\t\t\t\t\t\t<a href=\"https:\/\/www.youtube.com\/watch?v=MazLXX-yiT0&#038;t=2s&#038;frags=pl%2Cwn\" target=\"_blank\">\n\t\t\t\t\t\t\t<img decoding=\"async\" src=\"https:\/\/sdubouloz.ch\/wp-content\/uploads\/elementor\/thumbs\/2023-07-28_14-13-qa2tgbqm5sw5qswqaofdtxkc9psh9i6lkrakvjus20.png\" title=\"2023-07-28_14-13\" alt=\"2023-07-28_14-13\" loading=\"lazy\" \/>\t\t\t\t\t\t\t\t<\/a>\n\t\t\t\t\t\t\t\t\t\t\t\t\t\t\t<\/div>\n\t\t\t\t<\/div>\n\t\t\t\t<div class=\"elementor-element elementor-element-e152319 elementor-widget elementor-widget-heading\" data-id=\"e152319\" data-element_type=\"widget\" data-e-type=\"widget\" data-widget_type=\"heading.default\">\n\t\t\t\t<div class=\"elementor-widget-container\">\n\t\t\t\t\t<h2 class=\"elementor-heading-title elementor-size-default\">Entrevista en v\u00eddeo<\/h2>\t\t\t\t<\/div>\n\t\t\t\t<\/div>\n\t\t\t\t<div class=\"elementor-element elementor-element-a7089e5 elementor-align-left elementor-widget elementor-widget-button\" data-id=\"a7089e5\" data-element_type=\"widget\" data-e-type=\"widget\" data-widget_type=\"button.default\">\n\t\t\t\t<div class=\"elementor-widget-container\">\n\t\t\t\t\t\t\t\t\t<div class=\"elementor-button-wrapper\">\n\t\t\t\t\t<a class=\"elementor-button elementor-button-link elementor-size-sm\" href=\"https:\/\/www.youtube.com\/watch?v=MazLXX-yiT0&#038;t=2s&#038;frags=pl%2Cwn\" target=\"_blank\">\n\t\t\t\t\t\t<span class=\"elementor-button-content-wrapper\">\n\t\t\t\t\t\t\t\t\t<span class=\"elementor-button-text\">Acidmoto - Noviembre 2016<\/span>\n\t\t\t\t\t<\/span>\n\t\t\t\t\t<\/a>\n\t\t\t\t<\/div>\n\t\t\t\t\t\t\t\t<\/div>\n\t\t\t\t<\/div>\n\t\t\t\t<div class=\"elementor-element elementor-element-9ff4b8d elementor-widget elementor-widget-text-editor\" data-id=\"9ff4b8d\" data-element_type=\"widget\" data-e-type=\"widget\" data-widget_type=\"text-editor.default\">\n\t\t\t\t<div class=\"elementor-widget-container\">\n\t\t\t\t\t\t\t\t\t<p>Nuestro reportero Pierre-Alain llev\u00f3 la c\u00e1mara al taller de Simon Dubouloz, un joven guarnicionero en ciernes. Desde los primeros bocetos hasta los \u00faltimos retoques antes del montaje final en la bicicleta, descubrir\u00e1 todas las etapas de la fabricaci\u00f3n de un sill\u00edn a medida. \u00a1El micr\u00f3fono es para Simon!<\/p>\n\t\t\t\t\t\t\t\t<\/div>\n\t\t\t\t<\/div>\n\t\t\t\t<\/div>\n\t\t<div class=\"elementor-element elementor-element-86038f7 e-con-full e-flex e-con e-child\" data-id=\"86038f7\" data-element_type=\"container\" data-e-type=\"container\">\n\t\t\t\t<div class=\"elementor-element elementor-element-20a3dc1 elementor-widget elementor-widget-image\" data-id=\"20a3dc1\" data-element_type=\"widget\" data-e-type=\"widget\" data-widget_type=\"image.default\">\n\t\t\t\t<div class=\"elementor-widget-container\">\n\t\t\t\t\t\t\t\t\t\t\t\t\t\t\t\t<a href=\"https:\/\/www.facebook.com\/1421880588093036\/videos\/2164748673748535\/\" target=\"_blank\">\n\t\t\t\t\t\t\t<img decoding=\"async\" src=\"https:\/\/sdubouloz.ch\/wp-content\/uploads\/elementor\/thumbs\/2023-07-28_14-15-qa2tikkqhjyth9nb6ndasd5zcuq1nh3ijvec5cix6w.png\" title=\"2023-07-28_14-15\" alt=\"2023-07-28_14-15\" loading=\"lazy\" \/>\t\t\t\t\t\t\t\t<\/a>\n\t\t\t\t\t\t\t\t\t\t\t\t\t\t\t<\/div>\n\t\t\t\t<\/div>\n\t\t\t\t<div class=\"elementor-element elementor-element-cd299a8 elementor-widget elementor-widget-heading\" data-id=\"cd299a8\" data-element_type=\"widget\" data-e-type=\"widget\" data-widget_type=\"heading.default\">\n\t\t\t\t<div class=\"elementor-widget-container\">\n\t\t\t\t\t<h2 class=\"elementor-heading-title elementor-size-default\">Invitado por Meister Engineering<\/h2>\t\t\t\t<\/div>\n\t\t\t\t<\/div>\n\t\t\t\t<div class=\"elementor-element elementor-element-86f7a20 elementor-align-left elementor-widget elementor-widget-button\" data-id=\"86f7a20\" data-element_type=\"widget\" data-e-type=\"widget\" data-widget_type=\"button.default\">\n\t\t\t\t<div class=\"elementor-widget-container\">\n\t\t\t\t\t\t\t\t\t<div class=\"elementor-button-wrapper\">\n\t\t\t\t\t<a class=\"elementor-button elementor-button-link elementor-size-sm\" href=\"https:\/\/www.facebook.com\/1421880588093036\/videos\/2164748673748535\/\" target=\"_blank\">\n\t\t\t\t\t\t<span class=\"elementor-button-content-wrapper\">\n\t\t\t\t\t\t\t\t\t<span class=\"elementor-button-text\">Festival del lago Lem\u00e1n - julio de 2016<\/span>\n\t\t\t\t\t<\/span>\n\t\t\t\t\t<\/a>\n\t\t\t\t<\/div>\n\t\t\t\t\t\t\t\t<\/div>\n\t\t\t\t<\/div>\n\t\t\t\t<div class=\"elementor-element elementor-element-8e7baa9 elementor-widget elementor-widget-text-editor\" data-id=\"8e7baa9\" data-element_type=\"widget\" data-e-type=\"widget\" data-widget_type=\"text-editor.default\">\n\t\t\t\t<div class=\"elementor-widget-container\">\n\t\t\t\t\t\t\t\t\t<p>El guarnicionero suizo, que tambi\u00e9n trabaja como mec\u00e1nico del campe\u00f3n del mundo italiano de Moto3 Marco Bezzecchi, pudo hacer un regalo muy apreciado al hombre que es una leyenda de MotoGP, con nueve t\u00edtulos a sus espaldas.<\/p>\n\t\t\t\t\t\t\t\t<\/div>\n\t\t\t\t<\/div>\n\t\t\t\t<\/div>\n\t\t<div class=\"elementor-element elementor-element-d5261db e-con-full e-flex e-con e-child\" data-id=\"d5261db\" data-element_type=\"container\" data-e-type=\"container\">\n\t\t\t\t<div class=\"elementor-element elementor-element-57a3d77 elementor-widget elementor-widget-image\" data-id=\"57a3d77\" data-element_type=\"widget\" data-e-type=\"widget\" data-widget_type=\"image.default\">\n\t\t\t\t<div class=\"elementor-widget-container\">\n\t\t\t\t\t\t\t\t\t\t\t\t\t\t\t\t<a href=\"https:\/\/www.youtube.com\/watch?v=nwsZc19PqMo&#038;frags=pl%2Cwn\" target=\"_blank\">\n\t\t\t\t\t\t\t<img decoding=\"async\" src=\"https:\/\/sdubouloz.ch\/wp-content\/uploads\/elementor\/thumbs\/2023-07-28_14-17-qa2tmn7k3pjjsfqbeer3lc5w0ynb099n41630ihi88.png\" title=\"2023-07-28_14-17\" alt=\"2023-07-28_14-17\" loading=\"lazy\" \/>\t\t\t\t\t\t\t\t<\/a>\n\t\t\t\t\t\t\t\t\t\t\t\t\t\t\t<\/div>\n\t\t\t\t<\/div>\n\t\t\t\t<div class=\"elementor-element elementor-element-35debc1 elementor-widget elementor-widget-heading\" data-id=\"35debc1\" data-element_type=\"widget\" data-e-type=\"widget\" data-widget_type=\"heading.default\">\n\t\t\t\t<div class=\"elementor-widget-container\">\n\t\t\t\t\t<h2 class=\"elementor-heading-title elementor-size-default\">Entrevista en v\u00eddeo<\/h2>\t\t\t\t<\/div>\n\t\t\t\t<\/div>\n\t\t\t\t<div class=\"elementor-element elementor-element-ddc56ec elementor-align-left elementor-widget elementor-widget-button\" data-id=\"ddc56ec\" data-element_type=\"widget\" data-e-type=\"widget\" data-widget_type=\"button.default\">\n\t\t\t\t<div class=\"elementor-widget-container\">\n\t\t\t\t\t\t\t\t\t<div class=\"elementor-button-wrapper\">\n\t\t\t\t\t<a class=\"elementor-button elementor-button-link elementor-size-sm\" href=\"https:\/\/www.youtube.com\/watch?v=nwsZc19PqMo&#038;frags=pl%2Cwn\" target=\"_blank\">\n\t\t\t\t\t\t<span class=\"elementor-button-content-wrapper\">\n\t\t\t\t\t\t\t\t\t<span class=\"elementor-button-text\">Acidmoto - Mayo 2016<\/span>\n\t\t\t\t\t<\/span>\n\t\t\t\t\t<\/a>\n\t\t\t\t<\/div>\n\t\t\t\t\t\t\t\t<\/div>\n\t\t\t\t<\/div>\n\t\t\t\t<div class=\"elementor-element elementor-element-4456111 elementor-widget elementor-widget-text-editor\" data-id=\"4456111\" data-element_type=\"widget\" data-e-type=\"widget\" data-widget_type=\"text-editor.default\">\n\t\t\t\t<div class=\"elementor-widget-container\">\n\t\t\t\t\t\t\t\t\t<p class=\"ContentHead_lead__zVmJZ link_regular__Cy8JS link_externalicon-big__uqzSW link_externalicon__Me6bM\">Los conocimos durante los Acid&#8217;Days 2016 Ep. 2 Entrevistas con Simon Dubouloz (Guarnicioner\u00eda de motos Dubouloz) y su cliente Robin.<\/p>\n\t\t\t\t\t\t\t\t<\/div>\n\t\t\t\t<\/div>\n\t\t\t\t<\/div>\n\t\t<div class=\"elementor-element elementor-element-2093bf7 e-con-full e-flex e-con e-child\" data-id=\"2093bf7\" data-element_type=\"container\" data-e-type=\"container\">\n\t\t\t\t<div class=\"elementor-element elementor-element-2428a2a elementor-widget elementor-widget-image\" data-id=\"2428a2a\" data-element_type=\"widget\" data-e-type=\"widget\" data-widget_type=\"image.default\">\n\t\t\t\t<div class=\"elementor-widget-container\">\n\t\t\t\t\t\t\t\t\t\t\t\t\t\t\t\t<a href=\"https:\/\/sdubouloz.ch\/wp-content\/uploads\/2019\/05\/Article-_ecole_de_la_performance.pdf\" target=\"_blank\">\n\t\t\t\t\t\t\t<img decoding=\"async\" src=\"https:\/\/sdubouloz.ch\/wp-content\/uploads\/elementor\/thumbs\/2023-07-28_14-18-qa2to035z3egk5rbgzvp6ztuwzye4inomr3bywh18o.png\" title=\"2023-07-28_14-18\" alt=\"2023-07-28_14-18\" loading=\"lazy\" \/>\t\t\t\t\t\t\t\t<\/a>\n\t\t\t\t\t\t\t\t\t\t\t\t\t\t\t<\/div>\n\t\t\t\t<\/div>\n\t\t\t\t<div class=\"elementor-element elementor-element-d2f7e78 elementor-widget elementor-widget-heading\" data-id=\"d2f7e78\" data-element_type=\"widget\" data-e-type=\"widget\" data-widget_type=\"heading.default\">\n\t\t\t\t<div class=\"elementor-widget-container\">\n\t\t\t\t\t<h2 class=\"elementor-heading-title elementor-size-default\">Revista francesa de actualidad motociclista mundial<\/h2>\t\t\t\t<\/div>\n\t\t\t\t<\/div>\n\t\t\t\t<div class=\"elementor-element elementor-element-3fd273f elementor-align-left elementor-widget elementor-widget-button\" data-id=\"3fd273f\" data-element_type=\"widget\" data-e-type=\"widget\" data-widget_type=\"button.default\">\n\t\t\t\t<div class=\"elementor-widget-container\">\n\t\t\t\t\t\t\t\t\t<div class=\"elementor-button-wrapper\">\n\t\t\t\t\t<a class=\"elementor-button elementor-button-link elementor-size-sm\" href=\"https:\/\/sdubouloz.ch\/wp-content\/uploads\/2019\/05\/Article-_ecole_de_la_performance.pdf\" target=\"_blank\">\n\t\t\t\t\t\t<span class=\"elementor-button-content-wrapper\">\n\t\t\t\t\t\t\t\t\t<span class=\"elementor-button-text\">Motorevue - Enero 2016<\/span>\n\t\t\t\t\t<\/span>\n\t\t\t\t\t<\/a>\n\t\t\t\t<\/div>\n\t\t\t\t\t\t\t\t<\/div>\n\t\t\t\t<\/div>\n\t\t\t\t<div class=\"elementor-element elementor-element-b7e9d34 elementor-widget elementor-widget-text-editor\" data-id=\"b7e9d34\" data-element_type=\"widget\" data-e-type=\"widget\" data-widget_type=\"text-editor.default\">\n\t\t\t\t<div class=\"elementor-widget-container\">\n\t\t\t\t\t\t\t\t\t<p>Escuela de rendimiento.<\/p>\n<p>La escuela de Thierry Fornerod, galardonada con una estrella en la gu\u00eda de rendimiento y reconocida por las autoridades y el mundo de la competici\u00f3n, es de las que dan forma a los sue\u00f1os a nivel humano.<\/p>\n\t\t\t\t\t\t\t\t<\/div>\n\t\t\t\t<\/div>\n\t\t\t\t<\/div>\n\t\t\t\t\t<\/div>\n\t\t\t\t<\/div>\n\t\t<div class=\"elementor-element elementor-element-3c10295 e-flex e-con-boxed e-con e-parent\" data-id=\"3c10295\" data-element_type=\"container\" data-e-type=\"container\">\n\t\t\t\t\t<div class=\"e-con-inner\">\n\t\t\t\t\t<\/div>\n\t\t\t\t<\/div>\n\t\t\t\t<\/div>\n\t\t","protected":false},"excerpt":{"rendered":"<p>o Descubra aqu\u00ed todos los art\u00edculos y entrevistas que ponen de relieve mi experiencia y conocimientos o El viaje de tu vida Homofaber El mec\u00e1nico y guarnicionero de GP Simon Dubouloz es reconocido por su destreza por numerosos motoristas profesionales y clientes particulares. Hace sillines de moto Tribune de Gen\u00e8ve &#8211; Marzo de 2022 El [&hellip;]<\/p>\n","protected":false},"author":4,"featured_media":0,"parent":0,"menu_order":0,"comment_status":"closed","ping_status":"closed","template":"","meta":{"footnotes":""},"class_list":["post-9914","page","type-page","status-publish","hentry"],"_links":{"self":[{"href":"https:\/\/sdubouloz.ch\/es\/wp-json\/wp\/v2\/pages\/9914","targetHints":{"allow":["GET"]}}],"collection":[{"href":"https:\/\/sdubouloz.ch\/es\/wp-json\/wp\/v2\/pages"}],"about":[{"href":"https:\/\/sdubouloz.ch\/es\/wp-json\/wp\/v2\/types\/page"}],"author":[{"embeddable":true,"href":"https:\/\/sdubouloz.ch\/es\/wp-json\/wp\/v2\/users\/4"}],"replies":[{"embeddable":true,"href":"https:\/\/sdubouloz.ch\/es\/wp-json\/wp\/v2\/comments?post=9914"}],"version-history":[{"count":2,"href":"https:\/\/sdubouloz.ch\/es\/wp-json\/wp\/v2\/pages\/9914\/revisions"}],"predecessor-version":[{"id":11179,"href":"https:\/\/sdubouloz.ch\/es\/wp-json\/wp\/v2\/pages\/9914\/revisions\/11179"}],"wp:attachment":[{"href":"https:\/\/sdubouloz.ch\/es\/wp-json\/wp\/v2\/media?parent=9914"}],"curies":[{"name":"wp","href":"https:\/\/api.w.org\/{rel}","templated":true}]}}